{"id":69,"date":"2021-05-18T10:02:56","date_gmt":"2021-05-18T07:02:56","guid":{"rendered":"http:\/\/localhost\/wordpress\/?page_id=459"},"modified":"2026-01-09T00:49:19","modified_gmt":"2026-01-08T21:49:19","slug":"about","status":"publish","type":"page","link":"https:\/\/erasmus.cumhuriyet.edu.tr\/en\/about\/","title":{"rendered":"About"},"content":{"rendered":"<h3 id=\"gspb_heading-id-gsbp-d765187\" class=\"gspb_heading gspb_heading-id-gsbp-d765187\">Erasmus+ Institutional Coordinator<\/h3>\n\n\n\n<p>Koordinat\u00f6rl\u00fc\u011f\u00fcm\u00fcz, Avrupa Komisyonu ve T\u00fcrkiye Ulusal Ajans\u0131 taraf\u0131ndan finanse edilen hibeler arac\u0131l\u0131\u011f\u0131yla \u00f6\u011frenci ve personelimize yurt d\u0131\u015f\u0131nda e\u011fitim ve \u00f6\u011fretim olanaklar\u0131 sunmaktad\u0131r. Uluslararas\u0131la\u015fmay\u0131 te\u015fvik eden bu f\u0131rsatlar, kat\u0131l\u0131mc\u0131lar\u0131n farkl\u0131 k\u00fclt\u00fcrleri tan\u0131mas\u0131n\u0131, akademik ve ki\u015fisel geli\u015fimlerini desteklemesini ve k\u00fcresel \u00f6l\u00e7ekte bilgi ve becerilerini art\u0131rmas\u0131n\u0131 hedeflemektedir.<br>Erasmus+ Kurum Koordinat\u00f6rl\u00fc\u011f\u00fc olarak, sadece yurt d\u0131\u015f\u0131 e\u011fitim imkanlar\u0131 sunmakla kalm\u0131yor, ayn\u0131 zamanda \u00fcniversitemizin d\u00fcnya \u00e7ap\u0131nda tan\u0131n\u0131rl\u0131\u011f\u0131n\u0131 art\u0131rmak i\u00e7in uluslararas\u0131 i\u015f birlikleri tesis ediyor ve s\u00fcrd\u00fcr\u00fcyoruz. D\u00fcnyan\u0131n hemen her k\u0131tas\u0131ndaki \u00fcniversitelerle ortakl\u0131klar geli\u015ftirerek \u00f6\u011frenci ve personel de\u011fi\u015fimini te\u015fvik ediyor, k\u00fclt\u00fcrleraras\u0131 diyalogu g\u00fc\u00e7lendiriyoruz.<\/p>\n\n\n\n<p>Amac\u0131m\u0131z, \u00f6\u011frencilerimizi k\u00fcresel vatanda\u015flar olarak yeti\u015ftirirken, akademik personelimize de uluslararas\u0131 akademik a\u011flarda yer alarak bilgi payla\u015f\u0131m\u0131 ve i\u015f birli\u011fi f\u0131rsatlar\u0131 sunmakt\u0131r. Uluslararas\u0131la\u015fma vizyonumuz do\u011frultusunda, uluslararas\u0131 \u00f6\u011frenci ve akademisyenleri \u00fcniversitemizde a\u011f\u0131rlayarak k\u00fclt\u00fcrel \u00e7e\u015fitlili\u011fi destekliyor ve kamp\u00fcs\u00fcm\u00fczde dinamik bir \u00f6\u011frenme ortam\u0131 olu\u015fturmaktay\u0131z.<br>Erasmus+ Program\u0131 ve di\u011fer uluslararas\u0131 de\u011fi\u015fim programlar\u0131 hakk\u0131nda daha fazla bilgi almak i\u00e7in bize ula\u015fabilirsiniz.<\/p>\n\n\n\n<div style=\"height:100px\" aria-hidden=\"true\" class=\"wp-block-spacer\"><\/div>\n\n\n\n<h3 id=\"gspb_heading-id-gsbp-2e4f9bd\" class=\"gspb_heading gspb_heading-id-gsbp-2e4f9bd\">Birimin Tarih\u00e7esi<\/h3>\n\n\n\n<h5 id=\"gspb_heading-id-gsbp-582ec30\" class=\"gspb_heading gspb_heading-id-gsbp-582ec30\">D\u0131\u015f \u0130li\u015fkiler Birimi<\/h5>\n\n\n\n<p>Avrupa Birli\u011fi Alt\u0131nc\u0131 \u00c7er\u00e7eve Program\u0131 (FP6) \u201cKurumsal \u0130rtibat Noktas\u0131\u201d i\u015flevini y\u00fcr\u00fctmek ve \u00fcniversitemiz FP6 \u00e7al\u0131\u015fmalar\u0131n\u0131 koordine etmek, Avrupa Birli\u011fi E\u011fitim Program\u0131 olan\u00a0<strong>\u201cSocrates\u201d<\/strong>\u00a0ve bu ana program alt\u0131nda yer alan\u00a0<strong>\u201cerasmus, comenius, gruntwig, lingua\u201d<\/strong>\u00a0gibi alt programlar\u0131n tan\u0131t\u0131m\u0131n\u0131 ve koordinasyonunu yapmak ve dolay\u0131s\u0131yla bu programlardan \u00dcniversitemizin en \u00fcst d\u00fczeyde yararlanmas\u0131n\u0131 sa\u011flamak ve \u00f6\u011fretim elemanlar\u0131n\u0131 bilgilendirmek \u00fczere Ba\u015fbakanl\u0131k Devlet Planlama Te\u015fkilat\u0131n\u0131n 24 Ocak 2003 tarih ve 19-243 say\u0131l\u0131 yaz\u0131lar\u0131 gere\u011fi\u00a0<a href=\"https:\/\/web.archive.org\/web\/20040323030723\/http:\/\/www.cumhuriyet.edu.tr\/yazi.php?yad=193&amp;kat=32\" target=\"_blank\" rel=\"noreferrer noopener\">Cumhuriyet \u00dcniversitesi Senatosunun 11.06.2003 tarih ve 4 say\u0131l\u0131 karar\u0131<\/a>\u00a0ile\u00a0<strong>\u201cRekt\u00f6rl\u00fck D\u0131\u015f \u0130li\u015fkiler Birimi\u201d<\/strong>\u00a0kurulmu\u015ftur.<\/p>\n\n\n\n<p>2003 y\u0131l\u0131nda kurulan Birim, Rekt\u00f6r Yard\u0131mc\u0131s\u0131n\u0131n koordinat\u00f6rl\u00fc\u011f\u00fcnde de\u011fi\u015fik alt komisyonlardan olu\u015fmaktaktad\u0131r. \u00d6zellikle AB E\u011fitim Program\u0131 Socrates alt\u0131nda yer alan y\u00fcksek\u00f6\u011fretim \u00f6\u011frenci-\u00f6\u011fretim eleman\u0131 de\u011fi\u015fim program\u0131 olan Erasmus ile AB 6. \u00c7er\u00e7eve Program\u0131 (FP6)\u2019dan \u00dcniversitemiz \u00f6\u011frenci ve \u00f6\u011fretim elamanlar\u0131n\u0131n daha etkin yararlanmas\u0131n\u0131 sa\u011flamada koordinat\u00f6rl\u00fck g\u00f6revi \u00fcstlenen bu birim i\u00e7erisindeki g\u00f6rev da\u011f\u0131l\u0131m\u0131&nbsp;<a href=\"https:\/\/web.archive.org\/web\/20031011234857\/http:\/\/www.cumhuriyet.edu.tr\/dis_iliskiler\/yapilanma.php\" target=\"_blank\" rel=\"noreferrer noopener\">\u201cKurumsal \u0130rtibat Noktas\u0131\u201c<\/a>&nbsp;ad\u0131 alt\u0131nda olu\u015fturulmu\u015ftur.<\/p>\n\n\n\n<p>Cumhuriyet \u00dcniversitesi 30 Ekim 2003 tarihinde Socrates-Erasmus program\u0131na kat\u0131l\u0131m i\u00e7in AB Komisyonuna \u201c<strong>Erasmus \u00dcniversite Beyannamesi<\/strong>\u201d (Eramus University Charter-EUC) ba\u015fvuru yapm\u0131\u015ft\u0131r. 2004-2005, 2005-2006 ve 2006-2007 \u00f6\u011fretim y\u0131llar\u0131nda AB\u2019ye \u00fcye ve aday \u00fclkeler aras\u0131nda \u00f6\u011frenci ve akademisyen de\u011fi\u015fimini ama\u00e7layan programa kat\u0131l\u0131m i\u00e7in \u00f6n ko\u015ful AB Komisyonu taraf\u0131ndan\u00a0<a href=\"https:\/\/web.archive.org\/web\/20031207052936\/http:\/\/www.cumhuriyet.edu.tr\/dis_iliskiler\/duyurular\/cu_euc_charter.pdf\" target=\"_blank\" rel=\"noreferrer noopener\">EUC ba\u015fvurusu<\/a>nun onaylanmas\u0131 gerekmektedir.<\/p>\n\n\n\n<p>\u00dclkemizin AB E\u011fitim ve Gen\u00e7lik Programlar\u0131na tam kat\u0131l\u0131m\u0131n\u0131n AB Komisyonu ile T\u00fcrkiye Cumhuriyeti H\u00fck\u00fcmeti aras\u0131nda\u00a0<a href=\"https:\/\/www.resmigazete.gov.tr\/eskiler\/2004\/05\/20040508.htm#1\" target=\"_blank\" rel=\"noreferrer noopener\">8 May\u0131s 2004 tarihinde Resmi Gazetede yay\u0131mlanarak y\u00fcr\u00fcrl\u00fc\u011fe giren Mutabakat Zapt\u0131<\/a>\u00a0ile ger\u00e7ekle\u015fmi\u015f oldu\u011fu duyurulmu\u015f, bunun bir sonucu olarak, Erasmus \u00dcniversite Beyannamesi alan y\u00fcksek \u00f6\u011fretim kurumlar\u0131 Komisyon taraf\u0131ndan 17 May\u0131s 2004 tarihinde a\u00e7\u0131klanm\u0131\u015ft\u0131r. \u0130lgili y\u0131lda 82 y\u00fcksek\u00f6\u011fretim kurumundan 73 tanesinin yapt\u0131\u011f\u0131 bu ba\u015fvurular\u0131n sonucunda Cumhuriyet \u00dcniversitesinin de aralar\u0131nda bulundu\u011fu 65 y\u00fcksek\u00f6\u011fretim kurumu <strong>ERASMUS \u00dcN\u0130VERS\u0130TE BEYANNAMES\u0130<\/strong> almaya hak kazanm\u0131\u015ft\u0131r.<\/p>\n\n\n\n<h5 id=\"gspb_heading-id-gsbp-6e6651a\" class=\"gspb_heading gspb_heading-id-gsbp-6e6651a\">Ulusal ve Uluslararas\u0131 \u0130li\u015fkiler Birimleri Koordinat\u00f6rl\u00fc\u011f\u00fcne D\u00f6n\u00fc\u015f\u00fcm<\/h5>\n\n\n\n<p>Cumhuriyet \u00dcniversitesi an\u0131lan hedefler do\u011frultusunda, \u00dcniversitenin; Farabi ve Mevlana \u00f6\u011frenci ve \u00f6\u011fretim \u00fcyesi de\u011fi\u015fim programlar\u0131 arac\u0131l\u0131\u011f\u0131yla yurt i\u00e7i ve yurt d\u0131\u015f\u0131ndaki \u00fcniversiteler ve kurumlarla i\u015fbirli\u011fini geli\u015ftirmek, ortak projeler ve e\u011fitim programlar\u0131n\u0131n koordinasyonunu sa\u011flamak, Avrupa Birli\u011fi taraf\u0131ndan desteklenen t\u00fcm projeler ve e\u011fitim ve gen\u00e7lik programlar\u0131 \u00e7er\u00e7evesinde y\u00fcr\u00fct\u00fclen (Erasmus+, Comenius, Leonardo da Vinci, Grundtwig, Gen\u00e7lik, vb.) e\u011fitim programlar\u0131 ile ilgili i\u015flemlerin koordinasyonunu sa\u011flamak ve ulusal ve uluslararas\u0131 d\u00fczeyde akademik etkinliklerinin art\u0131r\u0131lmas\u0131 i\u00e7in y\u00fcr\u00fct\u00fclecek \u00e7al\u0131\u015fmalarla ilgili olarak <strong>Ulusal ve Uluslararas\u0131 \u0130li\u015fkiler Birimleri Koordinat\u00f6rl\u00fc\u011f\u00fc<\/strong>n\u00fcn g\u00f6rev ve \u00e7al\u0131\u015fma esaslar\u0131n\u0131 d\u00fczenlemek amac\u0131yla Cumhuriyet \u00dcniversitesi Ulusal ve Uluslararas\u0131 \u0130li\u015fkiler Birimleri Koordinat\u00f6rl\u00fc\u011f\u00fc Y\u00f6nergesi\u00a0<a href=\"https:\/\/www.cumhuriyet.edu.tr\/karar\/SenatoKarari_2014_yili_toplantino_18.pdf\" target=\"_blank\" rel=\"noreferrer noopener\">Cumhuriyet \u00dcniversitesi Senatosu taraf\u0131ndan 23\/07\/2014 tarihinde kabul edilmi\u015ftir<\/a>. Bu \u00e7er\u00e7evede; Cumhuriyet \u00dcniversitesi Rekt\u00f6rl\u00fc\u011f\u00fc Ulusal ve Uluslararas\u0131 \u0130li\u015fkiler Birimleri Koordinat\u00f6rl\u00fc\u011f\u00fcne ba\u011fl\u0131 olarak D\u0131\u015f \u0130li\u015fkiler Biriminin, Erasmus+, Bologna, Mevlana ve Farabi Kurum Koordinat\u00f6rl\u00fcklerinin \u00e7al\u0131\u015fma y\u00f6ntemleri ve organlar\u0131 belirlenmi\u015ftir.<\/p>\n\n\n\n<h5 id=\"gspb_heading-id-gsbp-0f10489\" class=\"gspb_heading gspb_heading-id-gsbp-0f10489\">Uluslararas\u0131 \u0130li\u015fkiler Ofisi Olarak Yeniden Yap\u0131lanma<\/h5>\n\n\n\n<p><a href=\"https:\/\/kms.kaysis.gov.tr\/Home\/Goster\/143673\" target=\"_blank\" rel=\"noreferrer noopener\">01.08.2018 tarihli Sivas Cumhuriyet \u00dcniversitesi Senatosu karar\u0131<\/a>yla Cumhuriyet \u00dcniversitesi Ulusal ve Uluslararas\u0131 \u0130li\u015fkiler Birimleri Koordinat\u00f6rl\u00fc\u011f\u00fc Y\u00f6nergesinin kald\u0131r\u0131larak yerine Sivas Cumhuriyet \u00dcniversitesi Uluslararas\u0131 \u0130li\u015fkiler Ofisi Y\u00f6nergesi kabul edilerek birimin ad\u0131 Uluslararas\u0131 \u0130li\u015fkiler Ofisi olarak g\u00fcncellenmi\u015ftir. Uluslararas\u0131 \u0130li\u015fkiler Ofisi do\u011frudan Rekt\u00f6rl\u00fc\u011fe ba\u011fl\u0131 olarak, b\u00fcnyesinde Erasmus+ Kurum Koordinat\u00f6rl\u00fc\u011f\u00fc, Bologna Kurum Koordinat\u00f6rl\u00fc\u011f\u00fc, Mevlana Kurum Koordinat\u00f6rl\u00fc\u011f\u00fc ve Farabi Kurum Koordinat\u00f6rl\u00fc\u011f\u00fc olmak \u00fczere 4 koordinat\u00f6rl\u00fck bar\u0131nd\u0131rarak faaliyetlerine devam etmektedir. Ofis b\u00fcnyesinde ayr\u0131ca \u00dcniversiteler aras\u0131 mutabakat zapt\u0131 (memorandum of understanding) ve di\u011fer de\u011fi\u015fim programlar\u0131 kapsam\u0131ndaki hareketlilikler de koordine edilmektedir. Uluslararas\u0131 \u00d6\u011frenci Koordinat\u00f6rl\u00fc\u011f\u00fc ayr\u0131 bir birim olup Uluslararas\u0131 \u0130li\u015fkiler Ofisi b\u00fcnyesinde faaliyet g\u00f6stermemektedir.<\/p>\n\n\n\n<div style=\"height:100px\" aria-hidden=\"true\" class=\"wp-block-spacer\"><\/div>\n\n\n\n<div class=\"wp-block-greenshift-blocks-tabs gspb-tabs gspb_tabs-id-gsbp-b2a4a8c gstabs-tabs\" data-autoplay=\"false\" data-autoplaytime=\"4\"><div class=\"t-btn-container\" role=\"tablist\"><button class=\"t-btn active\" aria-selected=\"true\" role=\"tab\" tabindex=\"0\" id=\"gspb-tab-item-btn-gsbp-b2a4a8c-0\" aria-controls=\"gspb-tab-item-content-gsbp-b2a4a8c-0\"><div class=\"tabtitlelabel\">About<\/div><\/button><button class=\"t-btn\" aria-selected=\"false\" role=\"tab\" tabindex=\"-1\" id=\"gspb-tab-item-btn-gsbp-b2a4a8c-1\" aria-controls=\"gspb-tab-item-content-gsbp-b2a4a8c-1\"><div class=\"tabtitlelabel\">ABEGPM<\/div><\/button><button class=\"t-btn\" aria-selected=\"false\" role=\"tab\" tabindex=\"-1\" id=\"gspb-tab-item-btn-gsbp-b2a4a8c-2\" aria-controls=\"gspb-tab-item-content-gsbp-b2a4a8c-2\"><div class=\"tabtitlelabel\">Etkinlikler<\/div><\/button><button class=\"t-btn\" aria-selected=\"false\" role=\"tab\" tabindex=\"-1\" id=\"gspb-tab-item-btn-gsbp-b2a4a8c-3\" aria-controls=\"gspb-tab-item-content-gsbp-b2a4a8c-3\"><div class=\"tabtitlelabel\">Misyon<\/div><\/button><button class=\"t-btn\" aria-selected=\"false\" role=\"tab\" tabindex=\"-1\" id=\"gspb-tab-item-btn-gsbp-b2a4a8c-4\" aria-controls=\"gspb-tab-item-content-gsbp-b2a4a8c-4\"><div class=\"tabtitlelabel\">Vizyon<\/div><\/button><\/div><div class=\"t-panel-container\"><div class=\"gswipertabs\"><div class=\"swiper-wrapper\">\n<div aria-labelledby=\"gspb-tab-item-btn-gsbp-b2a4a8c-0\" id=\"gspb-tab-item-content-gsbp-b2a4a8c-0\" role=\"tabpanel\" tabindex=\"0\" class=\"t-panel swiper-slide active\"><div class=\"wp-block-greenshift-blocks-tab\">\n<p>International Relations Office (IRO) is the unit which coordinates the international affairs and mobility programmes of Sivas Cumhuriyet University.<\/p>\n\n\n\n<h5 class=\"wp-block-heading\" id=\"uluslararasi-programlarin-yurutulmesinde-uzun-yillara-dayanan-deneyim\">Years of experience in carrying out International Programmes<\/h5>\n\n\n\n<p>For the last 15 years, Sivas Cumhuriyet University has been carrying out Erasmus+ Mobility with countries from all over the world such as England, the Netherlands, Poland, Italy, France, Spain, Germany, Portugal, Estonia, Romania, Hungary, USA, Kyrgyzstan, Georgia, Kosovo, Bosnia, Jordan, Tunisia,  Morocco, Azerbaijan, Ethiopia, Colombia, Sudan, Cuba, Malaysia, Indonesia, Iran, Montenegro, China,  Algeria, Kazakhstan, Ukraine, Russia, Nepal, Mongolia, Pakistan, Moldova, Palestine.<br>Erasmus+ program\u0131 \u00e7er\u00e7evesinde Sivas Cumhuriyet \u00dcniversitesinden 3000\u2019den fazla \u00f6\u011frenci ve personel farkl\u0131 bir \u00fclkede \u00f6\u011frenim, staj, e\u011fitim alma ve ders verme deneyimi ya\u015fam\u0131\u015ft\u0131r.<\/p>\n\n\n\n<h5 class=\"wp-block-heading\" id=\"rektorumuzun-uluslararasi-faaliyetlere-buyuk-destegi-ve-katilimi\">Great support and participation of our Rector in international activities<\/h5>\n\n\n\n<p>Sivas Cumhuriyet \u00dcniversitesi, alan\u0131n\u0131n en sayg\u0131n akademisyenlerinden biri olan Rekt\u00f6r Prof. Dr. Ahmet \u015eENG\u00d6N\u00dcL taraf\u0131ndan uluslararas\u0131 etkinliklerde temsil edilmenin onurunu ya\u015f\u0131yor. Sivas Cumhuriyet \u00dcniversitesinin uluslararas\u0131la\u015fmas\u0131na \u00f6zel bir \u00f6nem veren Rekt\u00f6r\u00fcm\u00fcz, K\u0131rg\u0131zistan, Kazakistan, \u0130ran, Bosna, \u00d6zbekistan, Pakistan, \u00dcrd\u00fcn, Tunus, Moldova, Fas ve Azerbaycan gibi bir\u00e7ok \u00fclkeden \u00e7ok say\u0131da vali, b\u00fcy\u00fckel\u00e7i, rekt\u00f6r, temsilci, akademisyen ve yetkiliyi ziyaret etmi\u015f, a\u011f\u0131rlam\u0131\u015f ve Sivas Cumhuriyet \u00dcniversitesi ad\u0131na kurumlar aras\u0131 ikili anla\u015fmalar imzalayarak Sivas\u2019\u0131n ve \u00dcniversitenin d\u00fcnyadaki konumunu g\u00fc\u00e7lendirmi\u015ftir. Rekt\u00f6r\u00fcm\u00fcz\u00fcn her konuda tam deste\u011fini alan Sivas Cumhuriyet \u00dcniversitesi Uluslararas\u0131 \u0130li\u015fkiler Ofisi, y\u0131ll\u0131k ger\u00e7ekle\u015ftirilen Uluslararas\u0131 Personel Haftas\u0131 ve B\u00fcy\u00fckel\u00e7iler Toplant\u0131s\u0131 gibi daha bir\u00e7ok uluslararas\u0131 kapsaml\u0131 etkinlik d\u00fczenlemektedir.<\/p>\n\n\n\n<h5 class=\"wp-block-heading\" id=\"yerel-ve-ulusal-kurum-ve-kuruluslarla-guclu-baglantilar\">Having strong connections with the local and national administrative institutions<\/h5>\n\n\n\n<p>Believing in the role and power of strong local connections in having sustainable and fruitful international relations, Sivas Cumhuriyet University has maintained its reputable position in the sight of Local and National Administrative institutions through regular bilateral visits and organizing mutual events. The reputable position of Sivas Cumhuriyet University Rector in city protocol is an important sign of level of our relations.<\/p>\n\n\n\n<h5 class=\"wp-block-heading\" id=\"uluslararasi-deneyime-sahip-alaninda-nitelikli-akademik-ve-idari-personele-sahip-bir-ofis\">Having qualified both academic and administrative International Relations Office staff with international experience<\/h5>\n\n\n\n<p>Uluslararas\u0131 \u0130li\u015fkiler Ofisi Ba\u015fkan\u0131 ve Erasmus+ Kurum Koordinat\u00f6r\u00fcn\u00fcn liderli\u011finde Sivas Cumhuriyet \u00dcniversitesi Uluslararas\u0131 \u0130li\u015fkiler Ofisi, samimi \u00e7al\u0131\u015fma ortam\u0131nda \u00fcniversitenin uluslararas\u0131 program\u0131n\u0131 ba\u015far\u0131yla koordine etmektedir. Sivas Cumhuriyet \u00dcniversitesi Uluslararas\u0131 \u0130li\u015fkiler Ofisi \u015fu anda iki akademik alt\u0131 idari ve yar\u0131 zamanl\u0131 \u00f6\u011frenci-personel ile \u00fcniversite kamp\u00fcs\u00fcn\u00fcn merkezindeki U\u0130O binas\u0131nda faaliyet g\u00f6stermektedir.<\/p>\n\n\n\n<h5 class=\"wp-block-heading\" id=\"samimi-ve-misafirperver-bir-nufusa-sahip-tarihi-bir-sehir\">Location in a historic city with a friendly and hospitable population<\/h5>\n\n\n\n<p>Being one of the corner stones of Anatolian history with a unique combination of three important Turkish history periods Seljuks, Ottoman and Republic, Sivas offers the students to have their education in a safe and hospitable city full of historic sites to visit and experience the thousands of year-old Turkish Culture and hospitality of Sivas residents.<\/p>\n<\/div><\/div>\n\n\n\n<div aria-labelledby=\"gspb-tab-item-btn-gsbp-b2a4a8c-1\" id=\"gspb-tab-item-content-gsbp-b2a4a8c-1\" role=\"tabpanel\" tabindex=\"0\" class=\"t-panel swiper-slide\"><div class=\"wp-block-greenshift-blocks-tab\">\n<h5 class=\"wp-block-heading\" id=\"avrupa-birligi-egitim-ve-genclik-programlari-merkezi-baskanligi-turkiye-ulusal-ajansi\">Avrupa Birli\u011fi E\u011fitim ve Gen\u00e7lik Programlar\u0131 Merkezi Ba\u015fkanl\u0131\u011f\u0131 (T\u00fcrkiye Ulusal Ajans\u0131)<\/h5>\n\n\n\n<p>T\u00fcrkiye 1999 Helsinki Zirvesi\u2019nde Avrupa Birli\u011fi\u2019ne adayl\u0131k s\u00fcrecinin ba\u015flamas\u0131 ile topluluk programlar\u0131ndan yararlanmaya ba\u015flam\u0131\u015ft\u0131r. T\u00fcrkiye\u2019nin AB programlar\u0131ndan yararlanmas\u0131n\u0131 sa\u011flayacak olan ve taraflarca 26 \u015eubat 2002 tarihinde imzalanm\u0131\u015f bulunan \u00c7er\u00e7eve Anla\u015fmay\u0131 onaylayan 4763 say\u0131l\u0131 Kanun da TBMM taraf\u0131ndan g\u00f6r\u00fc\u015f\u00fclerek uygun bulunmu\u015f ve\u00a0<a href=\"https:\/\/www.resmigazete.gov.tr\/eskiler\/2002\/06\/20020628.htm#2\" target=\"_blank\" rel=\"noreferrer noopener\">28 Haziran 2002 tarihli Resmi Gazete<\/a>de yay\u0131nlanarak y\u00fcr\u00fcrl\u00fc\u011fe girmi\u015ftir. Anla\u015fman\u0131n i\u00e7eri\u011fi ve dayand\u0131\u011f\u0131 Bakanlar Kurulu Karar\u0131 ise imzalar\u0131n tamamlanmas\u0131ndan sonra\u00a0<a href=\"https:\/\/www.resmigazete.gov.tr\/eskiler\/2002\/09\/20020901.htm#1\" target=\"_blank\" rel=\"noreferrer noopener\">1 Eyl\u00fcl 2002 tarihli Resmi Gazete<\/a>de yay\u0131nlanm\u0131\u015ft\u0131r.<br><br>T\u00fcrkiye\u2019de \u201cUlusal Ajans\u201d g\u00f6revini \u00fcstlenmek \u00fczere Ocak 2002 tarihinde Bakanlar Kurulu Karar\u0131 ile Devlet Planlama Te\u015fkilat\u0131 b\u00fcnyesinde Avrupa Birli\u011fi E\u011fitim ve Gen\u00e7lik Programlar\u0131 Daire Ba\u015fkanl\u0131\u011f\u0131 kurulmu\u015ftur.<br>Avrupa Birli\u011fi E\u011fitim ve Gen\u00e7lik Programlar\u0131 Merkezi Ba\u015fkanl\u0131\u011f\u0131 (T\u00fcrkiye Ulusal Ajans\u0131),\u00a0<a href=\"https:\/\/www.resmigazete.gov.tr\/eskiler\/2003\/08\/20030806.htm#4\" target=\"_blank\" rel=\"noreferrer noopener\">6 A\u011fustos 2003 tarihli, 25191 say\u0131l\u0131 Resmi Gazete<\/a>de yay\u0131mlanan 540 say\u0131l\u0131 Devlet Planlama Te\u015fkilat\u0131 Kurulu\u015f ve G\u00f6revleri Hakk\u0131nda Kanun H\u00fckm\u00fcnde Kararnamede De\u011fi\u015fiklik Yap\u0131lmas\u0131 Hakk\u0131nda 4968 say\u0131l\u0131 Kanunla kurulmu\u015f olup t\u00fczel ki\u015fili\u011fi haiz, idar\u00ee ve mal\u00ee \u00f6zerkli\u011fe sahip bir kurulu\u015f haline gelmi\u015ftir. Ba\u015fkanl\u0131k 2011 y\u0131l\u0131nda 634 say\u0131l\u0131 KHK ile Avrupa Birli\u011fi Bakanl\u0131\u011f\u0131n\u0131n ilgili kurulu\u015fu olmu\u015ftur. Ba\u015fkanl\u0131k 2018 y\u0131l\u0131nda\u00a0<a href=\"https:\/\/www.mevzuat.gov.tr\/mevzuatmetin\/19.5.4.pdf\" target=\"_blank\" rel=\"noreferrer noopener\">4 no\u2019lu Cumhurba\u015fkanl\u0131\u011f\u0131 Kararnamesi<\/a>\u00a0ile D\u0131\u015fi\u015fleri Bakanl\u0131\u011f\u0131\u2019n\u0131n ba\u011fl\u0131 kurulu\u015fu olan Avrupa Birli\u011fi Ba\u015fkanl\u0131\u011f\u0131\u2019n\u0131n ilgili kurulu\u015fu olmu\u015ftur.<\/p>\n<\/div><\/div>\n\n\n\n<div aria-labelledby=\"gspb-tab-item-btn-gsbp-b2a4a8c-2\" id=\"gspb-tab-item-content-gsbp-b2a4a8c-2\" role=\"tabpanel\" tabindex=\"0\" class=\"t-panel swiper-slide\"><div class=\"wp-block-greenshift-blocks-tab\">\n<h5 class=\"wp-block-heading\" id=\"oryantasyon\">Orientation<\/h5>\n\n\n\n<p>Upon arrival, Sivas Cumhuriyet University International Relations Office organizes very detailed orientation programme for mobility students and staff to learn and adapt to university campus and city quickly.<br><strong>University Orientation consists of:<br><\/strong>A visit to faculties and administrative units, banks, library, sports hall, research centres, swimming pool at campus with the introduction from officials of these departments.<br><strong>City Orientation consists of:<br><\/strong>A full-day visit to the historic city square where three important era in Turkish history come together, important state buildings, museums and shopping places.<\/p>\n\n\n\n<h5 class=\"wp-block-heading\" id=\"uluslararasi-erasmus-personel-haftasi\">International Erasmus+ Staff Week<\/h5>\n\n\n\n<p>Sivas Cumhuriyet \u00dcniversitesi, bir\u00e7ok \u00fclkeden akademik ve idari personelin Sivas\u2019ta 5 g\u00fcnl\u00fck harika bir programda bir araya geldi\u011fi ve deneyimlerini payla\u015ft\u0131\u011f\u0131 Uluslararas\u0131 Personel Haftas\u0131n\u0131 be\u015f y\u0131ld\u0131r gururla d\u00fczenlemektedir. 2018 y\u0131l\u0131nda ilki d\u00fczenlenen Uluslararas\u0131 Erasmus+ Personel Haftas\u0131 ve ikinci y\u0131l\u0131nda Azerbaycan, Bulgaristan, Etiyopya, G\u00fcrcistan, \u00dcrd\u00fcn, K\u0131rg\u0131zistan, Kosova, Fas, Rusya, Tunus, Polonya, Cezayir\u2019den 54 akademik ve idari personele ev sahipli\u011fi yapt\u0131. \u00c7al\u0131\u015ftaylar, seminerler, yemekler, Temel T\u00fcrk\u00e7e kursu, g\u00fcnl\u00fck geziler, Vali ve Belediye Ba\u015fkan\u0131 ziyaretleri gibi bir\u00e7ok akademik ve k\u00fclt\u00fcrel etkinlikle dolu olan Uluslararas\u0131 Erasmus+ Personel Haftas\u0131, uluslararas\u0131la\u015fma program\u0131m\u0131z\u0131n \u00f6nemli bir par\u00e7as\u0131d\u0131r.<\/p>\n<\/div><\/div>\n\n\n\n<div aria-labelledby=\"gspb-tab-item-btn-gsbp-b2a4a8c-3\" id=\"gspb-tab-item-content-gsbp-b2a4a8c-3\" role=\"tabpanel\" tabindex=\"0\" class=\"t-panel swiper-slide\"><div class=\"wp-block-greenshift-blocks-tab\">\n<p>To ensure the realization of international student and personnel exchange programs in line with the internationalization strategy and objectives of our university and to develop activities for the international recognition of our university.<br><br>In this context,<br><\/p>\n\n\n\n<ul class=\"wp-block-list\">\n<li>Farkl\u0131 \u00fclkelerdeki y\u00fcksek\u00f6\u011fretim kurumlar\u0131 ile kurumlar aras\u0131 anla\u015fmalar imzalamak,<\/li>\n\n\n\n<li>\u00d6\u011frenci ve personelimizin Erasmus program\u0131 hakk\u0131nda bilgi sahibi olmas\u0131 i\u00e7in tan\u0131t\u0131m ve bilgilendirme toplant\u0131lar\u0131 d\u00fczenlemek ve birimlerin d\u00fczenledi\u011fi toplant\u0131lara destek sa\u011flamak,<\/li>\n\n\n\n<li>Uluslararas\u0131 \u00f6\u011frenci ve personel say\u0131s\u0131n\u0131 art\u0131rmak \u00fczere stratejiler geli\u015ftirmek ve faaliyetlerde bulunmak,<\/li>\n\n\n\n<li>\u00dcniversitemizin Bologna s\u00fcrecine uygun bir e\u011fitim-\u00f6\u011fretim modeline sahip olabilmesi i\u00e7in akademik birimler ile i\u015fbirli\u011fi yapmak,<\/li>\n\n\n\n<li>Avrupa Komisyonu\u2019nun sa\u011flad\u0131\u011f\u0131 fon imkanlar\u0131ndan yararlanmak i\u00e7in \u00fcniversite ad\u0131na projeler haz\u0131rlamak,<\/li>\n\n\n\n<li>Ortak kurumlar\u0131m\u0131z\u0131n kat\u0131l\u0131m\u0131yla Uluslararas\u0131 tan\u0131t\u0131m g\u00fcnleri ve \u00dcniversitemizin tan\u0131t\u0131m\u0131 i\u00e7in ortak \u00fclke ve kurumlar\u0131m\u0131z\u0131n d\u00fczenledi\u011fi uluslararas\u0131 etkinliklere d\u00fczenli olarak kat\u0131l\u0131m g\u00f6stermek,<\/li>\n\n\n\n<li>Farkl\u0131 \u00fclkelerde ortak diploma programlar\u0131 d\u00fczenlemek i\u00e7in gerekli olan uluslararas\u0131 ba\u011flant\u0131lar\u0131 sa\u011flamak.<\/li>\n<\/ul>\n<\/div><\/div>\n\n\n\n<div aria-labelledby=\"gspb-tab-item-btn-gsbp-b2a4a8c-4\" id=\"gspb-tab-item-content-gsbp-b2a4a8c-4\" role=\"tabpanel\" tabindex=\"0\" class=\"t-panel swiper-slide\"><div class=\"wp-block-greenshift-blocks-tab\">\n<p>To ensure that our university is a globally influential university with quality partnerships in all parts of the world, a world-class education structure and a multicultural understanding.<\/p>\n<\/div><\/div>\n<\/div><\/div><\/div><\/div>\n\n\n\n<div style=\"height:100px\" aria-hidden=\"true\" class=\"wp-block-spacer\"><\/div>\n\n\n\n<div class=\"wp-block-cover is-light\"><img loading=\"lazy\" decoding=\"async\" width=\"1920\" height=\"815\" class=\"wp-block-cover__image-background wp-image-27 size-full\" alt=\"\" src=\"https:\/\/erasmus.cumhuriyet.edu.tr\/wp-content\/uploads\/2021\/05\/gutener-education-img-18-1920-815.jpg\" data-object-fit=\"cover\" srcset=\"https:\/\/erasmus.cumhuriyet.edu.tr\/wp-content\/uploads\/2021\/05\/gutener-education-img-18-1920-815.jpg 1920w, https:\/\/erasmus.cumhuriyet.edu.tr\/wp-content\/uploads\/2021\/05\/gutener-education-img-18-1920-815-300x127.jpg 300w, https:\/\/erasmus.cumhuriyet.edu.tr\/wp-content\/uploads\/2021\/05\/gutener-education-img-18-1920-815-1024x435.jpg 1024w, https:\/\/erasmus.cumhuriyet.edu.tr\/wp-content\/uploads\/2021\/05\/gutener-education-img-18-1920-815-768x326.jpg 768w, https:\/\/erasmus.cumhuriyet.edu.tr\/wp-content\/uploads\/2021\/05\/gutener-education-img-18-1920-815-1536x652.jpg 1536w\" sizes=\"auto, (max-width: 1920px) 100vw, 1920px\" \/><span aria-hidden=\"true\" class=\"wp-block-cover__background has-background-dim\" style=\"background-color:#cbc2be\"><\/span><div class=\"wp-block-cover__inner-container is-layout-constrained wp-block-cover-is-layout-constrained\">\n<div class=\"wp-block-columns is-layout-flex wp-container-core-columns-is-layout-28f84493 wp-block-columns-is-layout-flex\">\n<div class=\"wp-block-column is-layout-flow wp-block-column-is-layout-flow\">\n<div class=\"wp-block-greenshift-blocks-container gspb_container gspb_container-gsbp-6d7f814\" id=\"gspb_container-id-gsbp-6d7f814\">\n<div class=\"wp-block-greenshift-blocks-counter gs-counterwrap gspb_counter-id-gsbp-fb5ac84\"><div class=\"gs-counterdiv\"><div class=\"gs-counter\" data-start=\"0\" data-end=\"179473\" data-duration=\"2\">0<\/div><div class=\"gs-counterlabel\">Graduate<\/div><\/div><\/div>\n<\/div>\n<\/div>\n\n\n\n<div class=\"wp-block-column is-layout-flow wp-block-column-is-layout-flow\">\n<div class=\"wp-block-greenshift-blocks-container gspb_container gspb_container-gsbp-84fffa0\" id=\"gspb_container-id-gsbp-84fffa0\">\n<div class=\"wp-block-greenshift-blocks-counter gs-counterwrap gspb_counter-id-gsbp-0d887bf\"><div class=\"gs-counterdiv\"><div class=\"gs-counter\" data-start=\"0\" data-end=\"48176\" data-duration=\"2\">0<\/div><div class=\"gs-counterlabel\">Student<\/div><\/div><\/div>\n<\/div>\n<\/div>\n<\/div>\n\n\n\n<div class=\"wp-block-columns is-layout-flex wp-container-core-columns-is-layout-28f84493 wp-block-columns-is-layout-flex\">\n<div class=\"wp-block-column is-layout-flow wp-block-column-is-layout-flow\">\n<div class=\"wp-block-greenshift-blocks-container gspb_container gspb_container-gsbp-70262e3\" id=\"gspb_container-id-gsbp-70262e3\">\n<div class=\"wp-block-greenshift-blocks-counter gs-counterwrap gspb_counter-id-gsbp-84b15b8\"><div class=\"gs-counterdiv\"><div class=\"gs-counter\" data-start=\"0\" data-end=\"2603\" data-duration=\"2\">0<\/div><div class=\"gs-counterlabel\">Uluslararas\u0131 \u00d6\u011frenci<\/div><\/div><\/div>\n<\/div>\n<\/div>\n\n\n\n<div class=\"wp-block-column is-layout-flow wp-block-column-is-layout-flow\">\n<div class=\"wp-block-greenshift-blocks-container gspb_container gspb_container-gsbp-16fef82\" id=\"gspb_container-id-gsbp-16fef82\">\n<div class=\"wp-block-greenshift-blocks-counter gs-counterwrap gspb_counter-id-gsbp-559e833\"><div class=\"gs-counterdiv\"><div class=\"gs-counter\" data-start=\"0\" data-end=\"406\" data-duration=\"2\">0<\/div><div class=\"gs-counterlabel\">Department<\/div><\/div><\/div>\n<\/div>\n<\/div>\n<\/div>\n\n\n\n<div class=\"wp-block-columns is-layout-flex wp-container-core-columns-is-layout-28f84493 wp-block-columns-is-layout-flex\">\n<div class=\"wp-block-column is-layout-flow wp-block-column-is-layout-flow\">\n<div class=\"wp-block-greenshift-blocks-container gspb_container gspb_container-gsbp-90d4990\" id=\"gspb_container-id-gsbp-90d4990\">\n<div class=\"wp-block-greenshift-blocks-counter gs-counterwrap gspb_counter-id-gsbp-2da63a4\"><div class=\"gs-counterdiv\"><div class=\"gs-counter\" data-start=\"0\" data-end=\"2318\" data-duration=\"2\">0<\/div><div class=\"gs-counterlabel\">Academic Staff<\/div><\/div><\/div>\n<\/div>\n<\/div>\n\n\n\n<div class=\"wp-block-column is-layout-flow wp-block-column-is-layout-flow\">\n<div class=\"wp-block-greenshift-blocks-container gspb_container gspb_container-gsbp-bc01298\" id=\"gspb_container-id-gsbp-bc01298\">\n<div class=\"wp-block-greenshift-blocks-counter gs-counterwrap gspb_counter-id-gsbp-1d1f422\"><div class=\"gs-counterdiv\"><div class=\"gs-counter\" data-start=\"0\" data-end=\"3540\" data-duration=\"2\">0<\/div><div class=\"gs-counterlabel\">Administrative Staff<\/div><\/div><\/div>\n<\/div>\n<\/div>\n<\/div>\n<\/div><\/div>","protected":false},"excerpt":{"rendered":"<p>Koordinat\u00f6rl\u00fc\u011f\u00fcm\u00fcz, Avrupa Komisyonu ve T\u00fcrkiye Ulusal Ajans\u0131 taraf\u0131ndan finanse edilen hibeler arac\u0131l\u0131\u011f\u0131yla \u00f6\u011frenci ve personelimize yurt d\u0131\u015f\u0131nda e\u011fitim ve \u00f6\u011fretim olanaklar\u0131 sunmaktad\u0131r. Uluslararas\u0131la\u015fmay\u0131 te\u015fvik eden bu f\u0131rsatlar, kat\u0131l\u0131mc\u0131lar\u0131n farkl\u0131 k\u00fclt\u00fcrleri tan\u0131mas\u0131n\u0131, akademik ve ki\u015fisel geli\u015fimlerini desteklemesini ve k\u00fcresel \u00f6l\u00e7ekte bilgi ve becerilerini art\u0131rmas\u0131n\u0131 hedeflemektedir.Erasmus+ Kurum Koordinat\u00f6rl\u00fc\u011f\u00fc olarak, sadece yurt d\u0131\u015f\u0131 e\u011fitim imkanlar\u0131 sunmakla kalm\u0131yor, ayn\u0131 [&hellip;]<\/p>\n","protected":false},"author":1,"featured_media":8401,"parent":0,"menu_order":0,"comment_status":"closed","ping_status":"closed","template":"","meta":{"_gspb_post_css":"#gspb_heading-id-gsbp-d765187{margin-top:0px;}#gspb_heading-id-gsbp-2e4f9bd{margin-top:0px;}.gspb-tabs *{box-sizing: border-box !important}.t-btn-container{display:flex;flex-direction:row;width:100%;align-items:center;margin-bottom:-1px;flex-wrap:wrap}.t-btn-container .t-btn{background-origin: border-box;list-style:none;display:inline-flex;align-items:center;margin:0;padding:11px 24px;cursor:pointer;position:relative;transition:all .4s ease-in-out; font-size:20px}.t-btn-container .t-btn .tabsubtitle{font-size:70%;opacity:.7}.gstabs-tabs .t-btn{border:1px solid transparent;border-top-width:2px}.gstabs-tabs .t-btn:focus{outline:none;}.gstabs-tabs .t-btn.active{border-color:rgba(206,206,206,.4);border-bottom-color:#fff;background-color:#fff;color:#333}.t-panel-container .t-panel{opacity:0;overflow:hidden;display:none}.t-panel-container .t-panel.active{opacity:1;display:block!important}.t-panel-container{margin-bottom:25px;overflow:hidden; padding:30px}.gstabs-tabs .t-panel-container{border:1px solid rgba(206,206,206,.4);background-color:#fff}.t-btn-container ul{margin:0!important;padding:0!important}.gstabs-underline .t-btn-container .t-btn:after{position:absolute;bottom:0;left:0;content:'';height:3px;width:0;transition:width .5s,left .5s,right .5s;}.gstabs-underline .t-btn-container .t-btn.active:after{width:100%;left:0;right:0}.gstabs-pills .t-btn-container .t-btn{margin:0 10px;border:1px solid transparent}.gstabs-vertical{display:flex}.gstabs-vertical .t-btn-container{display:block;width:150px}.gstabs-vertical .t-btn-container .t-btn{margin-bottom:10px;width:150px; border:1px solid transparent}.gstabs-vertical .t-panel-container{flex-grow:1}.t-btn-container .t-btn .gs-image{flex-grow:inherit;}.t-btn-container .t-btn img{margin:0;height:25px;min-width:auto}@keyframes gcwidthleftright{0%{width:0%}100%{width:100%}}@keyframes gcslidefromtop{0%{transform:translateY(-10px);opacity:0}100%{transform:translateY(0);opacity:1}}@media (max-width: 575.98px){body .tabscroll .t-btn-container{overflow-x:scroll;flex-wrap:nowrap;scroll-behavior:smooth;scroll-snap-type:x mandatory;width: 100% !important;white-space: nowrap;display:block; padding-bottom:15px}.tabscroll .t-btn-container .t-btn{scroll-snap-align:start;white-space: nowrap;width: auto !important;margin-right: 10px;}.tabscroll .t-btn-container .t-btn.active{box-shadow:none!important}.gstabs-vertical{display:block !important}.gstabs-vertical .t-panel-container{margin-top:25px}.t-btn-container .t-btn{font-size:15px}}.gswipertabs{overflow:hidden}.t-panel-container .t-panel{width:100%}.t-panel-container p:last-of-type{margin-bottom:0}.gspb_tabs-id-gsbp-b2a4a8c .t-btn-container{justify-content: left}.gspb_tabs-id-gsbp-b2a4a8c > .t-btn-container > .t-btn{background-color: #f5f5f5}.gspb_tabs-id-gsbp-b2a4a8c > .t-btn-container > .t-btn.active{background-color: #e5e5e5}.gspb_tabs-id-gsbp-b2a4a8c .t-btn-container .t-btn{gap:10px}.gspb_counter-id-gsbp-fb5ac84, .gspb_counter-id-gsbp-fb5ac84 .gs-counterwrap {display: flex;align-items: center;}.gspb_counter-id-gsbp-fb5ac84 .gs-counterdiv {display: flex;text-align: center;flex-direction: column;justify-content: center;align-items: center;}.gspb_counter-id-gsbp-fb5ac84, .gspb_counter-id-gsbp-fb5ac84 .gs-counterwrap{justify-content:center;}.gspb_counter-id-gsbp-fb5ac84 .gs-counterdiv{align-items:center;}.gspb_counter-id-gsbp-fb5ac84 .gs-counterdiv{border-radius:5px}.gspb_counter-id-gsbp-fb5ac84 .gs-counter{font-size:40px;line-height:40px;font-weight:normal;margin-bottom:8px;}.gspb_counter-id-gsbp-fb5ac84 .gs-counterlabel{font-size:20px;line-height:20px;}.gspb_counter-id-gsbp-fb5ac84 .gs-counterdiv{min-width:200px;}.gspb_counter-id-gsbp-fb5ac84 .gs-counter{font-weight:900!important;}.gspb_counter-id-gsbp-fb5ac84 .gs-counterlabel{font-weight:bold!important;}.gspb_container-id-gsbp-6d7f814{flex-direction: column;box-sizing: border-box;}#gspb_container-id-gsbp-6d7f814.gspb_container > p:last-of-type{margin-bottom:0}#gspb_container-id-gsbp-6d7f814.gspb_container{position:relative;}#gspb_container-id-gsbp-6d7f814.gspb_container{padding-top:40px;padding-right:120px;padding-bottom:40px;padding-left:120px;}#gspb_container-id-gsbp-6d7f814.gspb_container{background-color:#f7fafcc2;}.gspb_container-id-gsbp-84fffa0{flex-direction: column;box-sizing: border-box;}#gspb_container-id-gsbp-84fffa0.gspb_container > p:last-of-type{margin-bottom:0}#gspb_container-id-gsbp-84fffa0.gspb_container{position:relative;}#gspb_container-id-gsbp-84fffa0.gspb_container{padding-top:40px;padding-right:120px;padding-bottom:40px;padding-left:120px;}#gspb_container-id-gsbp-84fffa0.gspb_container{background-color:#f7fafcc2;}.gspb_counter-id-gsbp-0d887bf, .gspb_counter-id-gsbp-0d887bf .gs-counterwrap {display: flex;align-items: center;}.gspb_counter-id-gsbp-0d887bf .gs-counterdiv {display: flex;text-align: center;flex-direction: column;justify-content: center;align-items: center;}.gspb_counter-id-gsbp-0d887bf, .gspb_counter-id-gsbp-0d887bf .gs-counterwrap{justify-content:center;}.gspb_counter-id-gsbp-0d887bf .gs-counterdiv{align-items:center;}.gspb_counter-id-gsbp-0d887bf .gs-counterdiv{border-radius:5px}.gspb_counter-id-gsbp-0d887bf .gs-counter{font-size:40px;line-height:40px;font-weight:normal;margin-bottom:8px;}.gspb_counter-id-gsbp-0d887bf .gs-counterlabel{font-size:20px;line-height:20px;}.gspb_counter-id-gsbp-0d887bf .gs-counterdiv{min-width:200px;}.gspb_counter-id-gsbp-0d887bf .gs-counter{font-weight:900!important;}.gspb_counter-id-gsbp-0d887bf .gs-counterlabel{font-weight:bold!important;}.gspb_container-id-gsbp-70262e3{flex-direction: column;box-sizing: border-box;}#gspb_container-id-gsbp-70262e3.gspb_container > p:last-of-type{margin-bottom:0}#gspb_container-id-gsbp-70262e3.gspb_container{position:relative;}#gspb_container-id-gsbp-70262e3.gspb_container{padding-top:40px;padding-right:120px;padding-bottom:40px;padding-left:120px;}#gspb_container-id-gsbp-70262e3.gspb_container{background-color:#f7fafcc2;}.gspb_counter-id-gsbp-84b15b8, .gspb_counter-id-gsbp-84b15b8 .gs-counterwrap {display: flex;align-items: center;}.gspb_counter-id-gsbp-84b15b8 .gs-counterdiv {display: flex;text-align: center;flex-direction: column;justify-content: center;align-items: center;}.gspb_counter-id-gsbp-84b15b8, .gspb_counter-id-gsbp-84b15b8 .gs-counterwrap{justify-content:center;}.gspb_counter-id-gsbp-84b15b8 .gs-counterdiv{align-items:center;}.gspb_counter-id-gsbp-84b15b8 .gs-counterdiv{border-radius:5px}.gspb_counter-id-gsbp-84b15b8 .gs-counter{font-size:40px;line-height:40px;font-weight:normal;margin-bottom:8px;}.gspb_counter-id-gsbp-84b15b8 .gs-counterlabel{font-size:20px;line-height:20px;}.gspb_counter-id-gsbp-84b15b8 .gs-counterdiv{min-width:200px;}.gspb_counter-id-gsbp-84b15b8 .gs-counter{font-weight:900!important;}.gspb_counter-id-gsbp-84b15b8 .gs-counterlabel{font-weight:bold!important;}.gspb_container-id-gsbp-16fef82{flex-direction: column;box-sizing: border-box;}#gspb_container-id-gsbp-16fef82.gspb_container > p:last-of-type{margin-bottom:0}#gspb_container-id-gsbp-16fef82.gspb_container{position:relative;}#gspb_container-id-gsbp-16fef82.gspb_container{padding-top:40px;padding-right:120px;padding-bottom:40px;padding-left:120px;}#gspb_container-id-gsbp-16fef82.gspb_container{background-color:#f7fafcc2;}.gspb_counter-id-gsbp-559e833, .gspb_counter-id-gsbp-559e833 .gs-counterwrap {display: flex;align-items: center;}.gspb_counter-id-gsbp-559e833 .gs-counterdiv {display: flex;text-align: center;flex-direction: column;justify-content: center;align-items: center;}.gspb_counter-id-gsbp-559e833, .gspb_counter-id-gsbp-559e833 .gs-counterwrap{justify-content:center;}.gspb_counter-id-gsbp-559e833 .gs-counterdiv{align-items:center;}.gspb_counter-id-gsbp-559e833 .gs-counterdiv{border-radius:5px}.gspb_counter-id-gsbp-559e833 .gs-counter{font-size:40px;line-height:40px;font-weight:normal;margin-bottom:8px;}.gspb_counter-id-gsbp-559e833 .gs-counterlabel{font-size:20px;line-height:20px;}.gspb_counter-id-gsbp-559e833 .gs-counterdiv{min-width:200px;}.gspb_counter-id-gsbp-559e833 .gs-counter{font-weight:900!important;}.gspb_counter-id-gsbp-559e833 .gs-counterlabel{font-weight:bold!important;}.gspb_container-id-gsbp-90d4990{flex-direction: column;box-sizing: border-box;}#gspb_container-id-gsbp-90d4990.gspb_container > p:last-of-type{margin-bottom:0}#gspb_container-id-gsbp-90d4990.gspb_container{position:relative;}#gspb_container-id-gsbp-90d4990.gspb_container{padding-top:40px;padding-right:120px;padding-bottom:40px;padding-left:120px;}#gspb_container-id-gsbp-90d4990.gspb_container{background-color:#f7fafcc2;}.gspb_counter-id-gsbp-2da63a4, .gspb_counter-id-gsbp-2da63a4 .gs-counterwrap {display: flex;align-items: center;}.gspb_counter-id-gsbp-2da63a4 .gs-counterdiv {display: flex;text-align: center;flex-direction: column;justify-content: center;align-items: center;}.gspb_counter-id-gsbp-2da63a4, .gspb_counter-id-gsbp-2da63a4 .gs-counterwrap{justify-content:center;}.gspb_counter-id-gsbp-2da63a4 .gs-counterdiv{align-items:center;}.gspb_counter-id-gsbp-2da63a4 .gs-counterdiv{border-radius:5px}.gspb_counter-id-gsbp-2da63a4 .gs-counter{font-size:40px;line-height:40px;font-weight:normal;margin-bottom:8px;}.gspb_counter-id-gsbp-2da63a4 .gs-counterlabel{font-size:20px;line-height:20px;}.gspb_counter-id-gsbp-2da63a4 .gs-counterdiv{min-width:200px;}.gspb_counter-id-gsbp-2da63a4 .gs-counter{font-weight:900!important;}.gspb_counter-id-gsbp-2da63a4 .gs-counterlabel{font-weight:bold!important;}.gspb_container-id-gsbp-bc01298{flex-direction: column;box-sizing: border-box;}#gspb_container-id-gsbp-bc01298.gspb_container > p:last-of-type{margin-bottom:0}#gspb_container-id-gsbp-bc01298.gspb_container{position:relative;}#gspb_container-id-gsbp-bc01298.gspb_container{padding-top:40px;padding-right:120px;padding-bottom:40px;padding-left:120px;}#gspb_container-id-gsbp-bc01298.gspb_container{background-color:#f7fafcc2;}.gspb_counter-id-gsbp-1d1f422, .gspb_counter-id-gsbp-1d1f422 .gs-counterwrap {display: flex;align-items: center;}.gspb_counter-id-gsbp-1d1f422 .gs-counterdiv {display: flex;text-align: center;flex-direction: column;justify-content: center;align-items: center;}.gspb_counter-id-gsbp-1d1f422, .gspb_counter-id-gsbp-1d1f422 .gs-counterwrap{justify-content:center;}.gspb_counter-id-gsbp-1d1f422 .gs-counterdiv{align-items:center;}.gspb_counter-id-gsbp-1d1f422 .gs-counterdiv{border-radius:5px}.gspb_counter-id-gsbp-1d1f422 .gs-counter{font-size:40px;line-height:40px;font-weight:normal;margin-bottom:8px;}.gspb_counter-id-gsbp-1d1f422 .gs-counterlabel{font-size:20px;line-height:20px;}.gspb_counter-id-gsbp-1d1f422 .gs-counterdiv{min-width:200px;}.gspb_counter-id-gsbp-1d1f422 .gs-counter{font-weight:900!important;}.gspb_counter-id-gsbp-1d1f422 .gs-counterlabel{font-weight:bold!important;}","footnotes":""},"class_list":["post-69","page","type-page","status-publish","has-post-thumbnail","hentry"],"blocksy_meta":[],"_links":{"self":[{"href":"https:\/\/erasmus.cumhuriyet.edu.tr\/en\/wp-json\/wp\/v2\/pages\/69","targetHints":{"allow":["GET"]}}],"collection":[{"href":"https:\/\/erasmus.cumhuriyet.edu.tr\/en\/wp-json\/wp\/v2\/pages"}],"about":[{"href":"https:\/\/erasmus.cumhuriyet.edu.tr\/en\/wp-json\/wp\/v2\/types\/page"}],"author":[{"embeddable":true,"href":"https:\/\/erasmus.cumhuriyet.edu.tr\/en\/wp-json\/wp\/v2\/users\/1"}],"replies":[{"embeddable":true,"href":"https:\/\/erasmus.cumhuriyet.edu.tr\/en\/wp-json\/wp\/v2\/comments?post=69"}],"version-history":[{"count":153,"href":"https:\/\/erasmus.cumhuriyet.edu.tr\/en\/wp-json\/wp\/v2\/pages\/69\/revisions"}],"predecessor-version":[{"id":8400,"href":"https:\/\/erasmus.cumhuriyet.edu.tr\/en\/wp-json\/wp\/v2\/pages\/69\/revisions\/8400"}],"wp:featuredmedia":[{"embeddable":true,"href":"https:\/\/erasmus.cumhuriyet.edu.tr\/en\/wp-json\/wp\/v2\/media\/8401"}],"wp:attachment":[{"href":"https:\/\/erasmus.cumhuriyet.edu.tr\/en\/wp-json\/wp\/v2\/media?parent=69"}],"curies":[{"name":"wp","href":"https:\/\/api.w.org\/{rel}","templated":true}]}}