{"id":423,"date":"2022-08-08T09:55:54","date_gmt":"2022-08-08T09:55:54","guid":{"rendered":"https:\/\/erasmus.cumhuriyet.edu.tr\/?page_id=423"},"modified":"2026-08-14T00:55:12","modified_gmt":"2026-08-13T21:55:12","slug":"erasmus","status":"publish","type":"page","link":"https:\/\/erasmus.cumhuriyet.edu.tr\/en\/erasmus\/","title":{"rendered":"Erasmus+"},"content":{"rendered":"<style data-wp-block-html=\"css\">\n\/* ============================================================\n   SC\u00dc \u2013 ERASMUS+ PROGRAMI\n============================================================ *\/\n\n.scu-erasmus-page {\n  width: calc(100% - 30px);\n  max-width: 1290px;\n  margin: 0 auto;\n  padding: 0;\n  box-sizing: border-box;\n  font-family: inherit;\n}\n\n.scu-erasmus-page *,\n.scu-erasmus-page *::before,\n.scu-erasmus-page *::after {\n  box-sizing: border-box;\n}\n\n.scu-erasmus-page a {\n  text-decoration: none !important;\n}\n\n.scu-erasmus-anchor {\n  scroll-margin-top: 110px;\n}\n\n\n\/* ============================================================\n   HERO\n============================================================ *\/\n\n.scu-erasmus-hero {\n  position: relative;\n  overflow: hidden;\n\n  margin-bottom: 26px;\n  padding: 40px;\n\n  color: #fff;\n\n  background:\n    linear-gradient(\n      135deg,\n      #17357f 0%,\n      #2444b8 100%\n    );\n\n  border-radius: 24px;\n\n  box-shadow:\n    0 14px 35px\n    rgba(20, 38, 86, .14);\n}\n\n.scu-erasmus-hero::before,\n.scu-erasmus-hero::after {\n  content: \"\";\n\n  position: absolute;\n\n  pointer-events: none;\n\n  border-radius: 50%;\n}\n\n.scu-erasmus-hero::before {\n  width: 320px;\n  height: 320px;\n\n  right: -115px;\n  top: -135px;\n\n  background:\n    rgba(255,255,255,.08);\n}\n\n.scu-erasmus-hero::after {\n  width: 175px;\n  height: 175px;\n\n  right: 190px;\n  bottom: -105px;\n\n  background:\n    rgba(255,255,255,.055);\n}\n\n\n.scu-erasmus-eyebrow {\n  display: block;\n\n  margin-bottom: 7px;\n\n  color: #ef3e5a;\n\n  font-size: 13px;\n  line-height: 1.35;\n  font-weight: 600;\n}\n\n\n.scu-erasmus-hero .scu-erasmus-eyebrow {\n  color: rgba(255,255,255,.82);\n}\n\n\n.scu-erasmus-hero h1 {\n  position: relative;\n  z-index: 2;\n\n  max-width: 850px;\n\n  margin: 0;\n\n  color: #fff;\n\n  font-size: 38px;\n  line-height: 1.16;\n  font-weight: 600;\n\n  letter-spacing: -.025em;\n}\n\n\n.scu-erasmus-hero-description {\n  position: relative;\n  z-index: 2;\n\n  max-width: 930px;\n\n  margin: 15px 0 0;\n\n  color:\n    rgba(255,255,255,.86);\n\n  font-size: 15.5px;\n  line-height: 1.72;\n}\n\n\n\/* HERO INFO *\/\n\n.scu-erasmus-hero-highlights {\n  position: relative;\n  z-index: 2;\n\n  display: grid;\n  grid-template-columns:\n    repeat(4, minmax(0,1fr));\n\n  gap: 10px;\n\n  margin-top: 26px;\n}\n\n\n.scu-erasmus-hero-highlight {\n  display: flex;\n  align-items: center;\n\n  gap: 11px;\n\n  min-width: 0;\n\n  padding: 12px 13px;\n\n  background:\n    rgba(255,255,255,.10);\n\n  border:\n    1px solid\n    rgba(255,255,255,.16);\n\n  border-radius: 13px;\n}\n\n\n.scu-erasmus-hero-highlight > i {\n  flex: 0 0 auto;\n\n  width: 34px;\n  height: 34px;\n\n  display: flex;\n  align-items: center;\n  justify-content: center;\n\n  color: #fff;\n\n  background:\n    rgba(255,255,255,.13);\n\n  border-radius: 10px;\n\n  font-size: 16px;\n}\n\n\n.scu-erasmus-hero-highlight span,\n.scu-erasmus-hero-highlight strong {\n  display: block;\n}\n\n\n.scu-erasmus-hero-highlight span {\n  margin-bottom: 2px;\n\n  color:\n    rgba(255,255,255,.66);\n\n  font-size: 10px;\n  line-height: 1.3;\n}\n\n\n.scu-erasmus-hero-highlight strong {\n  color: #fff;\n\n  font-size: 12px;\n  line-height: 1.35;\n  font-weight: 600;\n}\n\n\n\/* HERO BUTTONS *\/\n\n.scu-erasmus-hero-actions {\n  position: relative;\n  z-index: 2;\n\n  display: flex;\n  flex-wrap: wrap;\n\n  gap: 9px;\n\n  margin-top: 20px;\n}\n\n\n.scu-erasmus-btn {\n  display: inline-flex;\n\n  align-items: center;\n  justify-content: center;\n\n  gap: 7px;\n\n  min-height: 40px;\n\n  padding: 9px 13px;\n\n  color: #fff !important;\n\n  background:\n    rgba(255,255,255,.11);\n\n  border:\n    1px solid\n    rgba(255,255,255,.20);\n\n  border-radius: 10px;\n\n  font-size: 12.5px;\n  line-height: 1.25;\n  font-weight: 600;\n\n  transition:\n    transform .2s ease,\n    background .2s ease,\n    border-color .2s ease;\n}\n\n\n.scu-erasmus-btn.is-primary {\n  color: #17357f !important;\n\n  background: #fff;\n\n  border-color: #fff;\n}\n\n\n.scu-erasmus-btn:hover {\n  transform: translateY(-1px);\n\n  background:\n    rgba(255,255,255,.18);\n}\n\n\n.scu-erasmus-btn.is-primary:hover {\n  background: #f7f9fd;\n}\n\n\n\/* ============================================================\n   SECTION\n============================================================ *\/\n\n.scu-erasmus-section {\n  margin-bottom: 26px;\n  padding: 28px;\n\n  background: #fff;\n\n  border:\n    1px solid\n    rgba(33,58,160,.08);\n\n  border-radius: 20px;\n\n  box-shadow:\n    0 10px 28px\n    rgba(20,38,86,.045);\n}\n\n\n.scu-erasmus-section-head {\n  display: block !important;\n\n  margin-bottom: 22px;\n}\n\n\n.scu-erasmus-section-head h2 {\n  display: block;\n\n  margin: 0;\n\n  color: #17357f;\n\n  font-size: 26px;\n  line-height: 1.25;\n  font-weight: 600;\n\n  letter-spacing: -.02em;\n}\n\n\n.scu-erasmus-section-head p {\n  display: block;\n\n  max-width: 1000px;\n\n  margin: 10px 0 0;\n\n  color: #5f6b82;\n\n  font-size: 15px;\n  line-height: 1.7;\n}\n\n\n\/* ============================================================\n   GENERAL OVERVIEW\n============================================================ *\/\n\n.scu-erasmus-overview {\n  display: grid;\n\n  grid-template-columns:\n    minmax(0,1.2fr)\n    minmax(320px,.8fr);\n\n  gap: 20px;\n}\n\n\n.scu-erasmus-overview-main {\n  padding: 24px;\n\n  background: #f7f9fd;\n\n  border:\n    1px solid\n    rgba(23,53,127,.08);\n\n  border-radius: 18px;\n}\n\n\n.scu-erasmus-overview-main p {\n  margin:\n    0 0\n    14px;\n\n  color: #4f5b70;\n\n  font-size: 14.5px;\n  line-height: 1.78;\n}\n\n\n.scu-erasmus-overview-main p:last-child {\n  margin-bottom: 0;\n}\n\n\n.scu-erasmus-scope {\n  display: grid;\n  gap: 10px;\n}\n\n\n.scu-erasmus-scope-item {\n  display: flex;\n  align-items: flex-start;\n\n  gap: 11px;\n\n  padding: 14px;\n\n  background: #fff;\n\n  border:\n    1px solid\n    rgba(23,53,127,.09);\n\n  border-radius: 14px;\n}\n\n\n.scu-erasmus-scope-item i {\n  flex: 0 0 auto;\n\n  width: 35px;\n  height: 35px;\n\n  display: flex;\n  align-items: center;\n  justify-content: center;\n\n  color: #fff;\n\n  background: #17357f;\n\n  border-radius: 10px;\n\n  font-size: 15px;\n}\n\n\n.scu-erasmus-scope-item strong {\n  display: block;\n\n  margin-bottom: 3px;\n\n  color: #17357f;\n\n  font-size: 13.5px;\n  line-height: 1.35;\n  font-weight: 600;\n}\n\n\n.scu-erasmus-scope-item span {\n  display: block;\n\n  color: #68738a;\n\n  font-size: 12.5px;\n  line-height: 1.5;\n}\n\n\n\/* ============================================================\n   PRIORITIES\n============================================================ *\/\n\n.scu-erasmus-priority-grid {\n  display: grid;\n\n  grid-template-columns:\n    repeat(4, minmax(0,1fr));\n\n  gap: 16px;\n}\n\n\n.scu-erasmus-priority {\n  min-height: 100%;\n\n  padding: 20px;\n\n  background:\n    linear-gradient(\n      180deg,\n      #f7f9fd 0%,\n      #fff 100%\n    );\n\n  border:\n    1px solid\n    rgba(23,53,127,.08);\n\n  border-radius: 17px;\n}\n\n\n.scu-erasmus-priority-icon {\n  width: 43px;\n  height: 43px;\n\n  display: flex;\n  align-items: center;\n  justify-content: center;\n\n  margin-bottom: 14px;\n\n  color: #fff;\n\n  background: #17357f;\n\n  border-radius: 13px;\n\n  font-size: 19px;\n}\n\n\n.scu-erasmus-priority:nth-child(2)\n.scu-erasmus-priority-icon {\n  background: #009b77;\n}\n\n\n.scu-erasmus-priority:nth-child(3)\n.scu-erasmus-priority-icon {\n  background: #00a6d6;\n}\n\n\n.scu-erasmus-priority:nth-child(4)\n.scu-erasmus-priority-icon {\n  background: #7651a8;\n}\n\n\n.scu-erasmus-priority h3 {\n  margin:\n    0 0\n    7px;\n\n  color: #17357f;\n\n  font-size: 16px;\n  line-height: 1.35;\n  font-weight: 600;\n}\n\n\n.scu-erasmus-priority p {\n  margin: 0;\n\n  color: #68738a;\n\n  font-size: 13px;\n  line-height: 1.65;\n}\n\n\n\/* ============================================================\n   SC\u00dc'DE ERASMUS\n============================================================ *\/\n\n.scu-erasmus-campus-grid {\n  display: grid;\n\n  grid-template-columns:\n    repeat(4,minmax(0,1fr));\n\n  gap: 16px;\n}\n\n\n.scu-erasmus-campus-card {\n  min-height: 100%;\n\n  padding: 20px;\n\n  background: #f7f9fd;\n\n  border:\n    1px solid\n    rgba(23,53,127,.08);\n\n  border-radius: 17px;\n}\n\n\n.scu-erasmus-campus-card i {\n  width: 42px;\n  height: 42px;\n\n  display: flex;\n  align-items: center;\n  justify-content: center;\n\n  margin-bottom: 14px;\n\n  color: #17357f;\n\n  background:\n    rgba(23,53,127,.08);\n\n  border-radius: 13px;\n\n  font-size: 19px;\n}\n\n\n.scu-erasmus-campus-card h3 {\n  margin:\n    0 0\n    7px;\n\n  color: #17357f;\n\n  font-size: 16px;\n  line-height: 1.35;\n  font-weight: 600;\n}\n\n\n.scu-erasmus-campus-card p {\n  margin: 0;\n\n  color: #68738a;\n\n  font-size: 13px;\n  line-height: 1.65;\n}\n\n\n\/* ============================================================\n   ACTION CARDS\n============================================================ *\/\n\n.scu-action-grid {\n  display: grid;\n\n  grid-template-columns:\n    repeat(3,minmax(0,1fr));\n\n  gap: 18px;\n}\n\n\n.scu-action-card {\n  min-height: 100%;\n\n  padding: 22px;\n\n  background: #f7f9fd;\n\n  border:\n    1px solid\n    rgba(33,58,160,.08);\n\n  border-radius: 18px;\n}\n\n\n.scu-action-card.featured {\n  grid-column: span 3;\n\n  background:\n    linear-gradient(\n      135deg,\n      rgba(23,53,127,.055),\n      rgba(0,166,214,.075)\n    );\n}\n\n\n.scu-action-icon {\n  width: 46px;\n  height: 46px;\n\n  display: flex;\n  align-items: center;\n  justify-content: center;\n\n  margin-bottom: 14px;\n\n  color: #fff;\n\n  background: #17357f;\n\n  border-radius: 14px;\n}\n\n\n.scu-action-icon i {\n  font-size: 21px;\n}\n\n\n.scu-action-card h3 {\n  margin: 0;\n\n  color: #ef3e5a;\n\n  font-size: 13px;\n  line-height: 1.35;\n  font-weight: 600;\n}\n\n\n.scu-action-card strong {\n  display: block;\n\n  margin:\n    5px 0\n    8px;\n\n  color: #17357f;\n\n  font-size: 18px;\n  line-height: 1.35;\n  font-weight: 600;\n}\n\n\n.scu-action-card > p {\n  margin: 0;\n\n  color: #5f6b82;\n\n  font-size: 14px;\n  line-height: 1.65;\n}\n\n\n\/* KA131 \/ KA171 *\/\n\n.scu-ka-subgrid {\n  display: grid;\n\n  grid-template-columns:\n    repeat(2,minmax(0,1fr));\n\n  gap: 14px;\n\n  margin-top: 18px;\n}\n\n\n.scu-ka-subgrid > div {\n  padding: 16px;\n\n  background: #fff;\n\n  border:\n    1px solid\n    rgba(33,58,160,.08);\n\n  border-radius: 14px;\n}\n\n\n.scu-ka-subgrid span {\n  display: inline-block;\n\n  margin-bottom: 8px;\n  padding: 4px 8px;\n\n  color: #fff;\n\n  background: #17357f;\n\n  border-radius: 8px;\n\n  font-size: 12px;\n  font-weight: 600;\n}\n\n\n.scu-ka-subgrid p {\n  margin:\n    0 0\n    6px;\n\n  color: #17357f;\n\n  font-size: 13.5px;\n  line-height: 1.5;\n  font-weight: 600;\n}\n\n\n.scu-ka-subgrid small {\n  color: #6b7690;\n\n  font-size: 12.5px;\n  line-height: 1.45;\n}\n\n\n\/* ============================================================\n   PROCESS\n============================================================ *\/\n\n.scu-erasmus-process {\n  display: grid;\n\n  grid-template-columns:\n    repeat(5,minmax(0,1fr));\n\n  gap: 12px;\n}\n\n\n.scu-erasmus-process-step {\n  position: relative;\n\n  min-height: 100%;\n\n  padding: 18px;\n\n  background: #f7f9fd;\n\n  border:\n    1px solid\n    rgba(23,53,127,.08);\n\n  border-radius: 16px;\n}\n\n\n.scu-erasmus-process-step::after {\n  content: \"\\F285\";\n\n  position: absolute;\n\n  right: -10px;\n  top: 50%;\n\n  z-index: 3;\n\n  transform:\n    translateY(-50%);\n\n  color: #17357f;\n\n  font-family:\n    \"bootstrap-icons\";\n\n  font-size: 18px;\n\n  opacity: .25;\n}\n\n\n.scu-erasmus-process-step:last-child::after {\n  display: none;\n}\n\n\n.scu-erasmus-process-no {\n  width: 30px;\n  height: 30px;\n\n  display: flex;\n  align-items: center;\n  justify-content: center;\n\n  margin-bottom: 12px;\n\n  color: #fff;\n\n  background: #17357f;\n\n  border-radius: 9px;\n\n  font-size: 12px;\n  font-weight: 700;\n}\n\n\n.scu-erasmus-process-step h3 {\n  margin:\n    0 0\n    6px;\n\n  color: #17357f;\n\n  font-size: 14px;\n  line-height: 1.35;\n  font-weight: 600;\n}\n\n\n.scu-erasmus-process-step p {\n  margin: 0;\n\n  color: #68738a;\n\n  font-size: 12.5px;\n  line-height: 1.55;\n}\n\n\n\/* ============================================================\n   IMAGE\n============================================================ *\/\n\n.scu-program-image {\n  display: block;\n\n  overflow: hidden;\n\n  background: #f7f9fd;\n\n  border:\n    1px solid\n    #edf0f5;\n\n  border-radius: 18px;\n}\n\n\n.scu-program-image img {\n  display: block;\n\n  width: 100%;\n  height: auto;\n}\n\n\n\/* ============================================================\n   VIDEOS\n============================================================ *\/\n\n.scu-video-grid {\n  display: grid;\n\n  grid-template-columns:\n    repeat(2,minmax(0,1fr));\n\n  gap: 18px;\n}\n\n\n.scu-video-card {\n  overflow: hidden;\n\n  background: #f7f9fd;\n\n  border:\n    1px solid\n    rgba(33,58,160,.08);\n\n  border-radius: 18px;\n}\n\n\n.scu-video-frame {\n  position: relative;\n\n  width: 100%;\n\n  padding-top: 56.25%;\n}\n\n\n.scu-video-frame iframe {\n  position: absolute;\n\n  inset: 0;\n\n  width: 100%;\n  height: 100%;\n\n  border: 0;\n}\n\n\n\/* ============================================================\n   TIMELINE\n============================================================ *\/\n\n.scu-timeline {\n  display: flex;\n  flex-direction: column;\n\n  gap: 14px;\n}\n\n\n.scu-timeline-item {\n  display: grid;\n\n  grid-template-columns:\n    130px\n    1fr;\n\n  gap: 18px;\n\n  padding: 18px;\n\n  background: #f7f9fd;\n\n  border:\n    1px solid\n    rgba(33,58,160,.08);\n\n  border-radius: 16px;\n}\n\n\n.scu-timeline-item > span {\n  display: inline-flex;\n\n  align-items: center;\n  justify-content: center;\n\n  width: fit-content;\n  min-width: 96px;\n  height: 36px;\n\n  padding: 0 12px;\n\n  color: #fff;\n\n  background: #17357f;\n\n  border-radius: 10px;\n\n  font-size: 13px;\n  font-weight: 600;\n}\n\n\n.scu-timeline-item.important > span {\n  background: #ef3e5a;\n}\n\n\n.scu-timeline-item h3 {\n  margin:\n    0 0\n    6px;\n\n  color: #17357f;\n\n  font-size: 17px;\n  line-height: 1.35;\n  font-weight: 600;\n}\n\n\n.scu-timeline-item p {\n  margin: 0;\n\n  color: #5f6b82;\n\n  font-size: 14px;\n  line-height: 1.65;\n}\n\n\n\/* ============================================================\n   QUICK LINKS\n============================================================ *\/\n\n.scu-erasmus-links {\n  display: grid;\n\n  grid-template-columns:\n    repeat(4,minmax(0,1fr));\n\n  gap: 13px;\n}\n\n\n.scu-erasmus-link {\n  position: relative;\n\n  display: flex;\n  align-items: center;\n\n  gap: 12px;\n\n  min-width: 0;\n  min-height: 78px;\n\n  padding:\n    15px 42px\n    15px 15px;\n\n  color: #17357f !important;\n\n  background: #f7f9fd;\n\n  border:\n    1px solid\n    rgba(23,53,127,.09);\n\n  border-radius: 15px;\n\n  transition:\n    transform .2s ease,\n    border-color .2s ease,\n    box-shadow .2s ease,\n    background .2s ease;\n}\n\n\n.scu-erasmus-link > i:first-child {\n  flex: 0 0 auto;\n\n  width: 39px;\n  height: 39px;\n\n  display: flex;\n  align-items: center;\n  justify-content: center;\n\n  color: #fff;\n\n  background: #17357f;\n\n  border-radius: 11px;\n\n  font-size: 17px;\n}\n\n\n.scu-erasmus-link div {\n  min-width: 0;\n}\n\n\n.scu-erasmus-link strong,\n.scu-erasmus-link span {\n  display: block;\n}\n\n\n.scu-erasmus-link strong {\n  color: #17357f;\n\n  font-size: 13.5px;\n  line-height: 1.35;\n  font-weight: 600;\n}\n\n\n.scu-erasmus-link span {\n  margin-top: 3px;\n\n  color: #68738a;\n\n  font-size: 11.5px;\n  line-height: 1.4;\n}\n\n\n.scu-erasmus-link > .bi-chevron-right {\n  position: absolute;\n\n  right: 15px;\n  top: 50%;\n\n  transform:\n    translateY(-50%);\n\n  color: #17357f;\n\n  font-size: 13px;\n\n  opacity: .35;\n}\n\n\n.scu-erasmus-link:hover {\n  transform:\n    translateY(-2px);\n\n  background: #fff;\n\n  border-color:\n    rgba(23,53,127,.18);\n\n  box-shadow:\n    0 10px 24px\n    rgba(20,38,86,.06);\n}\n\n\n.scu-erasmus-link:hover\n> .bi-chevron-right {\n  opacity: .8;\n}\n\n\n\/* ============================================================\n   NOTE\n============================================================ *\/\n\n.scu-erasmus-note {\n  display: flex;\n  align-items: flex-start;\n\n  gap: 12px;\n\n  margin-top: 18px;\n  padding: 16px 17px;\n\n  background:\n    rgba(0,166,214,.07);\n\n  border:\n    1px solid\n    rgba(0,166,214,.15);\n\n  border-radius: 15px;\n}\n\n\n.scu-erasmus-note > i {\n  flex: 0 0 auto;\n\n  color: #00a6d6;\n\n  font-size: 19px;\n}\n\n\n.scu-erasmus-note p {\n  margin: 0;\n\n  color: #4f5b70;\n\n  font-size: 13.5px;\n  line-height: 1.65;\n}\n\n\n\/* ============================================================\n   ACCESSIBILITY\n============================================================ *\/\n\n.scu-erasmus-page a:focus-visible {\n  outline:\n    3px solid\n    #ffcc00;\n\n  outline-offset: 3px;\n}\n\n\n\/* ============================================================\n   RESPONSIVE\n============================================================ *\/\n\n@media (max-width: 1050px) {\n\n  .scu-erasmus-hero-highlights,\n  .scu-erasmus-priority-grid,\n  .scu-erasmus-campus-grid,\n  .scu-erasmus-links {\n    grid-template-columns:\n      repeat(2,minmax(0,1fr));\n  }\n\n\n  .scu-erasmus-overview {\n    grid-template-columns: 1fr;\n  }\n\n\n  .scu-erasmus-process {\n    grid-template-columns:\n      repeat(2,minmax(0,1fr));\n  }\n\n\n  .scu-erasmus-process-step::after {\n    display: none;\n  }\n\n}\n\n\n@media (max-width: 800px) {\n\n  .scu-action-grid,\n  .scu-video-grid {\n    grid-template-columns: 1fr;\n  }\n\n\n  .scu-action-card.featured {\n    grid-column: span 1;\n  }\n\n\n  .scu-ka-subgrid {\n    grid-template-columns: 1fr;\n  }\n\n}\n\n\n@media (max-width: 700px) {\n\n  .scu-erasmus-page {\n    width: 100%;\n  }\n\n\n  .scu-erasmus-hero {\n    padding: 28px 20px;\n\n    border-radius: 20px;\n  }\n\n\n  .scu-erasmus-hero h1 {\n    font-size: 28px;\n  }\n\n\n  .scu-erasmus-hero-description {\n    font-size: 14.5px;\n  }\n\n\n  .scu-erasmus-hero-highlights,\n  .scu-erasmus-priority-grid,\n  .scu-erasmus-campus-grid,\n  .scu-erasmus-process,\n  .scu-erasmus-links {\n    grid-template-columns: 1fr;\n  }\n\n\n  .scu-erasmus-hero-actions {\n    display: grid;\n\n    grid-template-columns: 1fr;\n  }\n\n\n  .scu-erasmus-btn {\n    width: 100%;\n  }\n\n\n  .scu-erasmus-section {\n    padding: 22px 18px;\n\n    border-radius: 18px;\n  }\n\n\n  .scu-erasmus-section-head h2 {\n    font-size: 22px;\n  }\n\n\n  .scu-timeline-item {\n    grid-template-columns: 1fr;\n\n    gap: 12px;\n  }\n\n\n  .scu-erasmus-link {\n    min-height: 72px;\n  }\n\n}\n<\/style>\n\n<section class=\"scu-erasmus-page\">\n\n  <!-- =========================================================\n       HERO\n  ========================================================== -->\n  <header class=\"scu-erasmus-hero\">\n\n    <span class=\"scu-erasmus-eyebrow\">\n      Avrupa Birli\u011fi E\u011fitim, Gen\u00e7lik ve Spor Program\u0131\n    <\/span>\n\n    <h1>What is Erasmus+?<\/h1>\n\n    <p class=\"scu-erasmus-hero-description\">\n      Erasmus+; e\u011fitim, \u00f6\u011fretim, gen\u00e7lik ve spor alanlar\u0131nda bireylerin\n      uluslararas\u0131 deneyim kazanmas\u0131n\u0131, kurumlar\u0131n i\u015f birli\u011fi kapasitesini\n      geli\u015ftirmesini ve yenilik\u00e7i uygulamalar\u0131n yayg\u0131nla\u015fmas\u0131n\u0131 destekleyen\n      Avrupa Birli\u011fi program\u0131d\u0131r.\n    <\/p>\n\n\n    <div class=\"scu-erasmus-hero-highlights\">\n\n      <div class=\"scu-erasmus-hero-highlight\">\n\n        <i class=\"bi bi-calendar-range\"><\/i>\n\n        <div>\n          <span>Program D\u00f6nemi<\/span>\n          <strong>2021\u20132027<\/strong>\n        <\/div>\n\n      <\/div>\n\n\n      <div class=\"scu-erasmus-hero-highlight\">\n\n        <i class=\"bi bi-diagram-3\"><\/i>\n\n        <div>\n          <span>Program Structure<\/span>\n          <strong>3 Ana Eylem + Jean Monnet<\/strong>\n        <\/div>\n\n      <\/div>\n\n\n      <div class=\"scu-erasmus-hero-highlight\">\n\n        <i class=\"bi bi-stars\"><\/i>\n\n        <div>\n          <span>Yatay \u00d6ncelikler<\/span>\n          <strong>4 Temel \u00d6ncelik<\/strong>\n        <\/div>\n\n      <\/div>\n\n\n      <div class=\"scu-erasmus-hero-highlight\">\n\n        <i class=\"bi bi-bank\"><\/i>\n\n        <div>\n          <span>2021\u20132027 B\u00fct\u00e7esi<\/span>\n          <strong>Yakla\u015f\u0131k 26,2 Milyar \u20ac<\/strong>\n        <\/div>\n\n      <\/div>\n\n    <\/div>\n\n\n    <nav\n      class=\"scu-erasmus-hero-actions\"\n      aria-label=\"Erasmus+ sayfa b\u00f6l\u00fcmleri\"\n    >\n\n      <a\n        href=\"#genel-bilgi\"\n        class=\"scu-erasmus-btn is-primary\"\n      >\n        <i class=\"bi bi-info-circle\"><\/i>\n        General Information\n      <\/a>\n\n\n      <a\n        href=\"#oncelikler\"\n        class=\"scu-erasmus-btn\"\n      >\n        <i class=\"bi bi-stars\"><\/i>\n        Program \u00d6ncelikleri\n      <\/a>\n\n\n      <a\n        href=\"#erasmus-actions\"\n        class=\"scu-erasmus-btn\"\n      >\n        <i class=\"bi bi-diagram-3\"><\/i>\n        Program Structure\n      <\/a>\n\n\n      <a\n        href=\"#scu-erasmus\"\n        class=\"scu-erasmus-btn\"\n      >\n        <i class=\"bi bi-building\"><\/i>\n        SC\u00dc&#8217;de Erasmus+\n      <\/a>\n\n\n      <a\n        href=\"#hizli-baglantilar\"\n        class=\"scu-erasmus-btn\"\n      >\n        <i class=\"bi bi-link-45deg\"><\/i>\n        H\u0131zl\u0131 Ba\u011flant\u0131lar\n      <\/a>\n\n    <\/nav>\n\n  <\/header>\n\n\n  <!-- =========================================================\n       GENEL B\u0130LG\u0130\n  ========================================================== -->\n  <section\n    class=\"scu-erasmus-section scu-erasmus-anchor\"\n    id=\"genel-bilgi\"\n  >\n\n    <div class=\"scu-erasmus-section-head\">\n\n      <span class=\"scu-erasmus-eyebrow\">\n        General Information\n      <\/span>\n\n      <h2>Scope of the Erasmus+ Program<\/h2>\n\n      <p>\n        Erasmus+ yaln\u0131zca \u00f6\u011frenci de\u011fi\u015fiminden olu\u015fan bir program de\u011fildir.\n        Bireysel \u00f6\u011frenme hareketliliklerinden uluslararas\u0131 ortakl\u0131klara,\n        kurumsal kapasite geli\u015ftirmeden politika i\u015f birliklerine kadar\n        geni\u015f bir faaliyet alan\u0131n\u0131 kapsar.\n      <\/p>\n\n    <\/div>\n\n\n    <div class=\"scu-erasmus-overview\">\n\n      <div class=\"scu-erasmus-overview-main\">\n\n        <p>\n          Program; y\u00fcksek\u00f6\u011fretim, mesleki e\u011fitim, okul e\u011fitimi,\n          yeti\u015fkin e\u011fitimi, gen\u00e7lik ve spor alanlar\u0131nda hareketlilik\n          ve i\u015f birli\u011fi f\u0131rsatlar\u0131 sunar. Y\u00fcksek\u00f6\u011fretimde \u00f6\u011frenciler\n          \u00f6\u011frenim veya staj amac\u0131yla, akademik ve idari personel ise\n          ders verme veya e\u011fitim alma amac\u0131yla hareketlilik\n          ger\u00e7ekle\u015ftirebilir.\n        <\/p>\n\n        <p>\n          Erasmus+ ayn\u0131 zamanda y\u00fcksek\u00f6\u011fretim kurumlar\u0131n\u0131n yeni\n          uluslararas\u0131 ortakl\u0131klar kurmas\u0131na, ortak e\u011fitim ve proje\n          faaliyetleri geli\u015ftirmesine, dijitalle\u015fme ve s\u00fcrd\u00fcr\u00fclebilirlik\n          kapasitesini art\u0131rmas\u0131na ve uluslararas\u0131la\u015fma stratejilerini\n          g\u00fc\u00e7lendirmesine katk\u0131 sa\u011flar.\n        <\/p>\n\n        <p>\n          Her faaliyet t\u00fcr\u00fcn\u00fcn ba\u015fvuru y\u00f6ntemi, uygunluk \u015fartlar\u0131,\n          s\u00fcresi, b\u00fct\u00e7esi ve de\u011ferlendirme \u00f6l\u00e7\u00fctleri farkl\u0131 olabilir.\n          Bu nedenle hareketlilik veya proje ba\u015fvurular\u0131nda ilgili\n          \u00e7a\u011fr\u0131\/ilan metni ile g\u00fcncel Erasmus+ Program Rehberi esas\n          al\u0131nmal\u0131d\u0131r.\n        <\/p>\n\n      <\/div>\n\n\n      <div class=\"scu-erasmus-scope\">\n\n        <div class=\"scu-erasmus-scope-item\">\n\n          <i class=\"bi bi-mortarboard\"><\/i>\n\n          <div>\n            <strong>Y\u00fcksek\u00f6\u011fretim<\/strong>\n            <span>\n              \u00d6\u011frenci ve personel hareketlilikleri,\n              ortakl\u0131klar ve projeler.\n            <\/span>\n          <\/div>\n\n        <\/div>\n\n\n        <div class=\"scu-erasmus-scope-item\">\n\n          <i class=\"bi bi-briefcase\"><\/i>\n\n          <div>\n            <strong>E\u011fitim ve Mesleki Geli\u015fim<\/strong>\n            <span>\n              \u00d6\u011frenme, \u00f6\u011fretme, e\u011fitim alma ve beceri\n              geli\u015ftirme f\u0131rsatlar\u0131.\n            <\/span>\n          <\/div>\n\n        <\/div>\n\n\n        <div class=\"scu-erasmus-scope-item\">\n\n          <i class=\"bi bi-people\"><\/i>\n\n          <div>\n            <strong>Gen\u00e7lik<\/strong>\n            <span>\n              Gen\u00e7lerin \u00f6\u011frenme, kat\u0131l\u0131m ve uluslararas\u0131\n              deneyim f\u0131rsatlar\u0131.\n            <\/span>\n          <\/div>\n\n        <\/div>\n\n\n        <div class=\"scu-erasmus-scope-item\">\n\n          <i class=\"bi bi-trophy\"><\/i>\n\n          <div>\n            <strong>Spor<\/strong>\n            <span>\n              Spor alan\u0131nda i\u015f birli\u011fi, kapasite ve\n              Avrupa boyutu.\n            <\/span>\n          <\/div>\n\n        <\/div>\n\n      <\/div>\n\n    <\/div>\n\n  <\/section>\n\n\n  <!-- =========================================================\n       PROGRAM \u00d6NCEL\u0130KLER\u0130\n  ========================================================== -->\n  <section\n    class=\"scu-erasmus-section scu-erasmus-anchor\"\n    id=\"oncelikler\"\n  >\n\n    <div class=\"scu-erasmus-section-head\">\n\n      <span class=\"scu-erasmus-eyebrow\">\n        2021\u20132027\n      <\/span>\n\n      <h2>Erasmus+ Program\u0131n\u0131n Yatay \u00d6ncelikleri<\/h2>\n\n      <p>\n        Erasmus+ projeleri ve hareketlilikleri, program\u0131n d\u00f6rt temel\n        yatay \u00f6nceli\u011fi do\u011frultusunda daha kapsay\u0131c\u0131, s\u00fcrd\u00fcr\u00fclebilir,\n        dijital ve kat\u0131l\u0131mc\u0131 bir Avrupa e\u011fitim alan\u0131na katk\u0131\n        sa\u011flamay\u0131 hedefler.\n      <\/p>\n\n    <\/div>\n\n\n    <div class=\"scu-erasmus-priority-grid\">\n\n      <article class=\"scu-erasmus-priority\">\n\n        <div class=\"scu-erasmus-priority-icon\">\n          <i class=\"bi bi-people-fill\"><\/i>\n        <\/div>\n\n        <h3>Inclusion and Diversity<\/h3>\n\n        <p>\n          F\u0131rsatlara eri\u015fimde engellerle kar\u015f\u0131la\u015fan kat\u0131l\u0131mc\u0131lar\u0131n\n          programa daha etkin kat\u0131l\u0131m\u0131n\u0131n desteklenmesini ve e\u015fit\n          f\u0131rsatlar\u0131n g\u00fc\u00e7lendirilmesini esas al\u0131r.\n        <\/p>\n\n      <\/article>\n\n\n      <article class=\"scu-erasmus-priority\">\n\n        <div class=\"scu-erasmus-priority-icon\">\n          <i class=\"bi bi-tree\"><\/i>\n        <\/div>\n\n        <h3>\u00c7evre ve \u0130klim De\u011fi\u015fikli\u011fi<\/h3>\n\n        <p>\n          S\u00fcrd\u00fcr\u00fclebilir uygulamalar\u0131, \u00e7evresel fark\u0131ndal\u0131\u011f\u0131 ve\n          daha d\u00fc\u015f\u00fck emisyonlu hareketlilik se\u00e7eneklerini te\u015fvik eder.\n        <\/p>\n\n      <\/article>\n\n\n      <article class=\"scu-erasmus-priority\">\n\n        <div class=\"scu-erasmus-priority-icon\">\n          <i class=\"bi bi-cpu\"><\/i>\n        <\/div>\n\n        <h3>Dijital D\u00f6n\u00fc\u015f\u00fcm<\/h3>\n\n        <p>\n          Dijital becerilerin, \u00e7evrim i\u00e7i ve karma \u00f6\u011frenmenin,\n          dijital ara\u00e7lar\u0131n ve kurumlar\u0131n dijital kapasitesinin\n          geli\u015ftirilmesini destekler.\n        <\/p>\n\n      <\/article>\n\n\n      <article class=\"scu-erasmus-priority\">\n\n        <div class=\"scu-erasmus-priority-icon\">\n          <i class=\"bi bi-chat-square-heart\"><\/i>\n        <\/div>\n\n        <h3>Demokratik Ya\u015fama Kat\u0131l\u0131m<\/h3>\n\n        <p>\n          Aktif vatanda\u015fl\u0131\u011f\u0131, ortak Avrupa de\u011ferlerini,\n          ele\u015ftirel d\u00fc\u015f\u00fcnmeyi, medya okuryazarl\u0131\u011f\u0131n\u0131 ve\n          sosyal kat\u0131l\u0131m\u0131 g\u00fc\u00e7lendirmeyi ama\u00e7lar.\n        <\/p>\n\n      <\/article>\n\n    <\/div>\n\n  <\/section>\n\n\n  <!-- =========================================================\n       PROGRAM YAPISI\n  ========================================================== -->\n  <section\n    class=\"scu-erasmus-section scu-erasmus-anchor\"\n    id=\"erasmus-actions\"\n  >\n\n    <div class=\"scu-erasmus-section-head\">\n\n      <span class=\"scu-erasmus-eyebrow\">\n        Program Structure\n      <\/span>\n\n      <h2>Ana Eylemler ve Jean Monnet<\/h2>\n\n      <p>\n        Erasmus+ Program\u0131; bireysel hareketlilik, kurumlar aras\u0131\n        i\u015f birli\u011fi ve politika geli\u015ftirme alanlar\u0131n\u0131 farkl\u0131 eylem\n        ba\u015fl\u0131klar\u0131 alt\u0131nda destekler.\n      <\/p>\n\n    <\/div>\n\n\n    <div class=\"scu-action-grid\">\n\n      <article class=\"scu-action-card featured\">\n\n        <div class=\"scu-action-icon\">\n          <i class=\"bi bi-send-check\"><\/i>\n        <\/div>\n\n        <h3>KA1<\/h3>\n\n        <strong>\n          Individual Learning Mobility\n        <\/strong>\n\n        <p>\n          \u00d6\u011frencilerin, personelin ve di\u011fer uygun kat\u0131l\u0131mc\u0131lar\u0131n\n          ba\u015fka bir \u00fclkede \u00f6\u011frenme, staj, \u00f6\u011fretme, e\u011fitim alma veya\n          mesleki geli\u015fim deneyimi kazanmas\u0131n\u0131 destekleyen\n          faaliyetleri kapsar.\n        <\/p>\n\n\n        <div class=\"scu-ka-subgrid\">\n\n          <div>\n\n            <span>KA131<\/span>\n\n            <p>\n              Programla ili\u015fkili \u00fclkeler a\u011f\u0131rl\u0131kl\u0131\n              y\u00fcksek\u00f6\u011fretim hareketlilikleri\n            <\/p>\n\n            <small>\n              \u00d6\u011frenci \u2022 Personel \u2022 BIP \u2022 K\u0131sa d\u00f6nem hareketlilikler\n            <\/small>\n\n          <\/div>\n\n\n          <div>\n\n            <span>KA171<\/span>\n\n            <p>\n              Programla ili\u015fkili olmayan \u00fc\u00e7\u00fcnc\u00fc \u00fclkelerle\n              uluslararas\u0131 hareketlilik\n            <\/p>\n\n            <small>\n              \u00d6\u011frenci \u2022 Personel \u2022 K\u00fcresel akademik i\u015f birlikleri\n            <\/small>\n\n          <\/div>\n\n        <\/div>\n\n      <\/article>\n\n\n      <article class=\"scu-action-card\">\n\n        <div class=\"scu-action-icon\">\n          <i class=\"bi bi-building-check\"><\/i>\n        <\/div>\n\n        <h3>KA2<\/h3>\n\n        <strong>\n          Cooperation Between Institutions and Organizations\n        <\/strong>\n\n        <p>\n          Kurumlar\u0131n uluslararas\u0131 ortakl\u0131klar kurmas\u0131n\u0131, iyi\n          uygulamalar\u0131 payla\u015fmas\u0131n\u0131, yenilik\u00e7i y\u00f6ntemler\n          geli\u015ftirmesini ve kurumsal kapasitelerini g\u00fc\u00e7lendirmesini\n          destekler.\n        <\/p>\n\n      <\/article>\n\n\n      <article class=\"scu-action-card\">\n\n        <div class=\"scu-action-icon\">\n          <i class=\"bi bi-clipboard-data\"><\/i>\n        <\/div>\n\n        <h3>KA3<\/h3>\n\n        <strong>\n          Support for Policy Development and Cooperation\n        <\/strong>\n\n        <p>\n          E\u011fitim, \u00f6\u011fretim, gen\u00e7lik ve spor alanlar\u0131nda politika\n          geli\u015ftirme, sistem d\u00fczeyinde i\u015f birli\u011fi ve Avrupa\n          d\u00fczeyindeki politika hedeflerinin uygulanmas\u0131n\u0131 destekler.\n        <\/p>\n\n      <\/article>\n\n\n      <article class=\"scu-action-card\">\n\n        <div class=\"scu-action-icon\">\n          <i class=\"bi bi-book\"><\/i>\n        <\/div>\n\n        <h3>Jean Monnet<\/h3>\n\n        <strong>\n          Avrupa Birli\u011fi \u00c7al\u0131\u015fmalar\u0131\n        <\/strong>\n\n        <p>\n          Avrupa Birli\u011fi konular\u0131nda \u00f6\u011fretim, ara\u015ft\u0131rma,\n          akademik tart\u0131\u015fma ve bilgi \u00fcretimini destekleyen\n          \u00f6zel faaliyetler b\u00fct\u00fcn\u00fcd\u00fcr.\n        <\/p>\n\n      <\/article>\n\n    <\/div>\n\n  <\/section>\n\n\n  <!-- =========================================================\n       SC\u00dc'DE ERASMUS\n  ========================================================== -->\n  <section\n    class=\"scu-erasmus-section scu-erasmus-anchor\"\n    id=\"scu-erasmus\"\n  >\n\n    <div class=\"scu-erasmus-section-head\">\n\n      <span class=\"scu-erasmus-eyebrow\">\n        Sivas Cumhuriyet University\n      <\/span>\n\n      <h2>SC\u00dc&#8217;de Erasmus+ Ne Sunar?<\/h2>\n\n      <p>\n        \u00dcniversitemizde Erasmus+ Program\u0131; \u00f6\u011frenci ve personel\n        hareketlilikleri, uluslararas\u0131 akademik ortakl\u0131klar ve\n        k\u0131sa d\u00f6nem yo\u011fun programlar \u00fczerinden farkl\u0131 kat\u0131l\u0131m\n        yollar\u0131 sunmaktad\u0131r.\n      <\/p>\n\n    <\/div>\n\n\n    <div class=\"scu-erasmus-campus-grid\">\n\n      <article class=\"scu-erasmus-campus-card\">\n\n        <i class=\"bi bi-mortarboard\"><\/i>\n\n        <h3>Student Mobility<\/h3>\n\n        <p>\n          \u00d6\u011frenim, staj ve uygun k\u0131sa d\u00f6nem karma hareketlilik\n          faaliyetleri arac\u0131l\u0131\u011f\u0131yla yurt d\u0131\u015f\u0131nda akademik ve\n          mesleki deneyim.\n        <\/p>\n\n      <\/article>\n\n\n      <article class=\"scu-erasmus-campus-card\">\n\n        <i class=\"bi bi-person-workspace\"><\/i>\n\n        <h3>Staff Mobility<\/h3>\n\n        <p>\n          Akademik ve idari personel i\u00e7in ders verme,\n          e\u011fitim alma ve mesleki geli\u015fim odakl\u0131\n          uluslararas\u0131 hareketlilikler.\n        <\/p>\n\n      <\/article>\n\n\n      <article class=\"scu-erasmus-campus-card\">\n\n        <i class=\"bi bi-diagram-3\"><\/i>\n\n        <h3>International Partnerships<\/h3>\n\n        <p>\n          B\u00f6l\u00fcmler ve akademik birimler i\u00e7in anla\u015fmalar,\n          \u00f6\u011frenci\/personel de\u011fi\u015fimi ve kurumsal\n          i\u015f birli\u011fi f\u0131rsatlar\u0131.\n        <\/p>\n\n      <\/article>\n\n\n      <article class=\"scu-erasmus-campus-card\">\n\n        <i class=\"bi bi-lightning-charge\"><\/i>\n\n        <h3>Blended Intensive Programmes<\/h3>\n\n        <p>\n          Fiziksel hareketlilik ile sanal bile\u015feni birle\u015ftiren\n          k\u0131sa ve yo\u011fun \u00f6\u011frenme programlar\u0131 (BIP).\n        <\/p>\n\n      <\/article>\n\n    <\/div>\n\n  <\/section>\n\n\n  <!-- =========================================================\n       S\u00dcRE\u00c7\n  ========================================================== -->\n  <section class=\"scu-erasmus-section\">\n\n    <div class=\"scu-erasmus-section-head\">\n\n      <span class=\"scu-erasmus-eyebrow\">\n        Kat\u0131l\u0131m S\u00fcreci\n      <\/span>\n\n      <h2>Erasmus+ F\u0131rsat\u0131ndan Nas\u0131l Yararlan\u0131l\u0131r?<\/h2>\n\n      <p>\n        Bireysel hareketliliklerde s\u00fcre\u00e7 faaliyet t\u00fcr\u00fcne g\u00f6re\n        de\u011fi\u015fse de genel yakla\u015f\u0131m a\u015fa\u011f\u0131daki ad\u0131mlardan olu\u015fur.\n      <\/p>\n\n    <\/div>\n\n\n    <div class=\"scu-erasmus-process\">\n\n      <article class=\"scu-erasmus-process-step\">\n\n        <div class=\"scu-erasmus-process-no\">1<\/div>\n\n        <h3>F\u0131rsat\u0131 Belirle<\/h3>\n\n        <p>\n          \u00d6\u011frenim, staj, personel veya k\u0131sa d\u00f6nem\n          hareketlilik t\u00fcr\u00fcn\u00fc inceleyin.\n        <\/p>\n\n      <\/article>\n\n\n      <article class=\"scu-erasmus-process-step\">\n\n        <div class=\"scu-erasmus-process-no\">2<\/div>\n\n        <h3>\u0130lan\u0131 \u0130ncele<\/h3>\n\n        <p>\n          Ba\u015fvuru \u015fartlar\u0131, kontenjan, tarih ve gerekli\n          belgeleri kontrol edin.\n        <\/p>\n\n      <\/article>\n\n\n      <article class=\"scu-erasmus-process-step\">\n\n        <div class=\"scu-erasmus-process-no\">3<\/div>\n\n        <h3>Ba\u015fvur<\/h3>\n\n        <p>\n          \u0130lgili ilanda belirtilen sistem \u00fczerinden\n          ba\u015fvurunuzu tamamlay\u0131n.\n        <\/p>\n\n      <\/article>\n\n\n      <article class=\"scu-erasmus-process-step\">\n\n        <div class=\"scu-erasmus-process-no\">4<\/div>\n\n        <h3>Hareketlili\u011fi Planla<\/h3>\n\n        <p>\n          Se\u00e7im sonras\u0131 kabul, akademik planlama,\n          s\u00f6zle\u015fme ve haz\u0131rl\u0131k i\u015flemlerini tamamlay\u0131n.\n        <\/p>\n\n      <\/article>\n\n\n      <article class=\"scu-erasmus-process-step\">\n\n        <div class=\"scu-erasmus-process-no\">5<\/div>\n\n        <h3>Tamamla ve Tan\u0131nma<\/h3>\n\n        <p>\n          Faaliyet sonras\u0131 gerekli belgeleri teslim edin ve\n          ilgili tan\u0131nma\/raporlama s\u00fcrecini tamamlay\u0131n.\n        <\/p>\n\n      <\/article>\n\n    <\/div>\n\n  <\/section>\n\n\n  <!-- =========================================================\n       PROGRAM \u015eEMASI\n  ========================================================== -->\n  <section class=\"scu-erasmus-section\">\n\n    <div class=\"scu-erasmus-section-head\">\n\n      <span class=\"scu-erasmus-eyebrow\">\n        Program Diagram\n      <\/span>\n\n      <h2>Erasmus+ Programme Structure<\/h2>\n\n    <\/div>\n\n\n    <a\n      href=\"https:\/\/i0.wp.com\/erasmus.cumhuriyet.edu.tr\/wp-content\/uploads\/2026-erasmus-programme-ua-scaled.png?ssl=1\"\n      class=\"scu-program-image\"\n      target=\"_blank\"\n      rel=\"noopener\"\n    >\n\n      <img data-recalc-dims=\"1\" decoding=\"async\"\n        src=\"https:\/\/i0.wp.com\/erasmus.cumhuriyet.edu.tr\/wp-content\/uploads\/2026-erasmus-programme-ua-scaled.png?w=1290&#038;ssl=1\"\n        alt=\"Erasmus+ program yap\u0131s\u0131 \u015femas\u0131\"\n        loading=\"lazy\"\n      >\n\n    <\/a>\n\n  <\/section>\n\n\n  <!-- =========================================================\n       VIDEOS\n  ========================================================== -->\n  <section class=\"scu-erasmus-section\">\n\n    <div class=\"scu-erasmus-section-head\">\n\n      <span class=\"scu-erasmus-eyebrow\">\n        Videos\n      <\/span>\n\n      <h2>Erasmus+ Promotional Videos<\/h2>\n\n    <\/div>\n\n\n    <div class=\"scu-video-grid\">\n\n      <div class=\"scu-video-card\">\n\n        <div class=\"scu-video-frame\">\n\n          <iframe\n            src=\"https:\/\/www.youtube.com\/embed\/EL4mPrWbKxM\"\n            title=\"Erasmus+ promotional video 1\"\n            allowfullscreen\n loading=\"lazy\"\n          ><\/iframe>\n\n        <\/div>\n\n      <\/div>\n\n\n      <div class=\"scu-video-card\">\n\n        <div class=\"scu-video-frame\">\n\n          <iframe\n            src=\"https:\/\/www.youtube.com\/embed\/gmdwrNu96Do\"\n            title=\"Erasmus+ promotional video 2\"\n            allowfullscreen\n loading=\"lazy\"\n          ><\/iframe>\n\n        <\/div>\n\n      <\/div>\n\n    <\/div>\n\n  <\/section>\n\n\n  <!-- =========================================================\n       TAR\u0130H\u00c7E\n  ========================================================== -->\n  <section\n    class=\"scu-erasmus-section scu-erasmus-anchor\"\n    id=\"erasmus-history\"\n  >\n\n    <div class=\"scu-erasmus-section-head\">\n\n      <span class=\"scu-erasmus-eyebrow\">\n        History\n      <\/span>\n\n      <h2>The Evolution of the Erasmus+ Program<\/h2>\n\n      <p>\n        Erasmus program\u0131, Avrupa&#8217;da \u00f6\u011frenci de\u011fi\u015fimi amac\u0131yla\n        ba\u015flayan bir s\u00fcre\u00e7ten g\u00fcn\u00fcm\u00fczde e\u011fitim, \u00f6\u011fretim, gen\u00e7lik\n        ve spor alanlar\u0131n\u0131 kapsayan geni\u015f \u00f6l\u00e7ekli bir Avrupa\n        Birli\u011fi program\u0131na d\u00f6n\u00fc\u015fm\u00fc\u015ft\u00fcr.\n      <\/p>\n\n    <\/div>\n\n\n    <div class=\"scu-timeline\">\n\n      <div class=\"scu-timeline-item\">\n\n        <span>1981\u20131987<\/span>\n\n        <div>\n\n          <h3>Program Start<\/h3>\n\n          <p>\n            Pilot \u00f6\u011frenci de\u011fi\u015fimi faaliyetlerinin ard\u0131ndan\n            Erasmus program\u0131 1987 y\u0131l\u0131nda resm\u00ee olarak ba\u015flam\u0131\u015ft\u0131r.\n          <\/p>\n\n        <\/div>\n\n      <\/div>\n\n\n      <div class=\"scu-timeline-item\">\n\n        <span>1988\u20131999<\/span>\n\n        <div>\n\n          <h3>Avrupa&#8217;da Geni\u015fleme<\/h3>\n\n          <p>\n            Program farkl\u0131 Avrupa \u00fclkelerine geni\u015flemi\u015f ve\n            1990&#8217;l\u0131 y\u0131llarda Socrates program yap\u0131s\u0131 i\u00e7erisinde\n            geli\u015fimini s\u00fcrd\u00fcrm\u00fc\u015ft\u00fcr.\n          <\/p>\n\n        <\/div>\n\n      <\/div>\n\n\n      <div class=\"scu-timeline-item important\">\n\n        <span>1999<\/span>\n\n        <div>\n\n          <h3>T\u00fcrkiye&#8217;nin Avrupa Birli\u011fi Adayl\u0131k S\u00fcreci<\/h3>\n\n          <p>\n            Helsinki Zirvesi ile T\u00fcrkiye&#8217;nin Avrupa Birli\u011fi\n            adayl\u0131k s\u00fcrecinin ba\u015flamas\u0131, e\u011fitim ve gen\u00e7lik\n            programlar\u0131na kat\u0131l\u0131m s\u00fcrecinin geli\u015fmesine zemin\n            haz\u0131rlam\u0131\u015ft\u0131r.\n          <\/p>\n\n        <\/div>\n\n      <\/div>\n\n\n      <div class=\"scu-timeline-item important\">\n\n        <span>2002\u20132004<\/span>\n\n        <div>\n\n          <h3>T\u00fcrkiye&#8217;de Kurumsal Uygulama<\/h3>\n\n          <p>\n            T\u00fcrkiye Ulusal Ajans\u0131 yap\u0131lanmas\u0131 olu\u015fturulmu\u015f ve\n            takip eden d\u00f6nemde T\u00fcrkiye&#8217;deki y\u00fcksek\u00f6\u011fretim\n            kurumlar\u0131n\u0131n Erasmus hareketliliklerine kat\u0131l\u0131m\u0131\n            yayg\u0131nla\u015fm\u0131\u015ft\u0131r.\n          <\/p>\n\n        <\/div>\n\n      <\/div>\n\n\n      <div class=\"scu-timeline-item\">\n\n        <span>2007\u20132013<\/span>\n\n        <div>\n\n          <h3>Ya\u015fam Boyu \u00d6\u011frenme Program\u0131<\/h3>\n\n          <p>\n            Erasmus ve di\u011fer e\u011fitim programlar\u0131 Ya\u015fam Boyu\n            \u00d6\u011frenme Program\u0131 \u00e7at\u0131s\u0131 alt\u0131nda y\u00fcr\u00fct\u00fclm\u00fc\u015ft\u00fcr.\n          <\/p>\n\n        <\/div>\n\n      <\/div>\n\n\n      <div class=\"scu-timeline-item\">\n\n        <span>2014\u20132020<\/span>\n\n        <div>\n\n          <h3>New Erasmus+ Period<\/h3>\n\n          <p>\n            2014 y\u0131l\u0131nda Erasmus+ ad\u0131yla daha geni\u015f kapsaml\u0131\n            program d\u00f6nemi ba\u015flam\u0131\u015f; e\u011fitim, gen\u00e7lik ve spor\n            alanlar\u0131 ortak bir \u00e7at\u0131 alt\u0131nda b\u00fct\u00fcnle\u015ftirilmi\u015ftir.\n          <\/p>\n\n        <\/div>\n\n      <\/div>\n\n\n      <div class=\"scu-timeline-item\">\n\n        <span>2021\u20132027<\/span>\n\n        <div>\n\n          <h3>Mevcut Program D\u00f6nemi<\/h3>\n\n          <p>\n            Mevcut Erasmus+ d\u00f6nemi; i\u00e7erme ve \u00e7e\u015fitlilik,\n            \u00e7evresel s\u00fcrd\u00fcr\u00fclebilirlik, dijital d\u00f6n\u00fc\u015f\u00fcm ve\n            demokratik ya\u015fama kat\u0131l\u0131m \u00f6nceliklerini program\u0131n\n            b\u00fct\u00fcn faaliyetlerine ta\u015f\u0131maktad\u0131r.\n          <\/p>\n\n        <\/div>\n\n      <\/div>\n\n    <\/div>\n\n  <\/section>\n\n\n  <!-- =========================================================\n       HIZLI BA\u011eLANTILAR\n  ========================================================== -->\n  <section\n    class=\"scu-erasmus-section scu-erasmus-anchor\"\n    id=\"hizli-baglantilar\"\n  >\n\n    <div class=\"scu-erasmus-section-head\">\n\n      <span class=\"scu-erasmus-eyebrow\">\n        Quick Access\n      <\/span>\n\n      <h2>Erasmus+ S\u00fcrecinde Yararl\u0131 Ba\u011flant\u0131lar<\/h2>\n\n      <p>\n        Erasmus+ s\u00fcrecinde en s\u0131k ihtiya\u00e7 duyulan \u00f6\u011frenci,\n        personel, anla\u015fma, belge ve bilgilendirme sayfalar\u0131na\n        buradan eri\u015febilirsiniz.\n      <\/p>\n\n    <\/div>\n\n\n    <div class=\"scu-erasmus-links\">\n\n\n      <a\n        class=\"scu-erasmus-link\"\n        href=\"https:\/\/erasmus.cumhuriyet.edu.tr\/en\/erasmus\/outgoing\/student\/\"\n      >\n\n        <i class=\"bi bi-mortarboard\"><\/i>\n\n        <div>\n          <strong>Student Mobility<\/strong>\n          <span>\u00d6\u011frenim, staj ve k\u0131sa d\u00f6nem hareketlilikler<\/span>\n        <\/div>\n\n        <i class=\"bi bi-chevron-right\"><\/i>\n\n      <\/a>\n\n\n      <a\n        class=\"scu-erasmus-link\"\n        href=\"https:\/\/erasmus.cumhuriyet.edu.tr\/en\/erasmus\/outgoing\/staff\/\"\n      >\n\n        <i class=\"bi bi-person-workspace\"><\/i>\n\n        <div>\n          <strong>Staff Mobility<\/strong>\n          <span>Ders verme ve e\u011fitim alma faaliyetleri<\/span>\n        <\/div>\n\n        <i class=\"bi bi-chevron-right\"><\/i>\n\n      <\/a>\n\n\n      <a\n        class=\"scu-erasmus-link\"\n        href=\"https:\/\/erasmus.cumhuriyet.edu.tr\/en\/erasmus\/calendar\/\"\n      >\n\n        <i class=\"bi bi-calendar-check\"><\/i>\n\n        <div>\n          <strong>Application Calendar<\/strong>\n          <span>\u0130lan ve ba\u015fvuru d\u00f6nemlerini takip edin<\/span>\n        <\/div>\n\n        <i class=\"bi bi-chevron-right\"><\/i>\n\n      <\/a>\n\n\n      <a\n        class=\"scu-erasmus-link\"\n        href=\"https:\/\/erasmus.cumhuriyet.edu.tr\/en\/partners\/\"\n      >\n\n        <i class=\"bi bi-buildings\"><\/i>\n\n        <div>\n          <strong>Partners<\/strong>\n          <span>Erasmus+ partner kurumlar\u0131n\u0131 inceleyin<\/span>\n        <\/div>\n\n        <i class=\"bi bi-chevron-right\"><\/i>\n\n      <\/a>\n\n    <\/div>\n\n\n    <div class=\"scu-erasmus-note\">\n\n      <i class=\"bi bi-info-circle\"><\/i>\n\n      <p>\n        Bu sayfadaki bilgiler genel bilgilendirme amac\u0131 ta\u015f\u0131r.\n        Ba\u015fvuru, se\u00e7im, hibe, kontenjan, belge ve uygulama\n        s\u00fcre\u00e7lerinde ilgili ilan metni, g\u00fcncel Erasmus+ Program\n        Rehberi, T\u00fcrkiye Ulusal Ajans\u0131 uygulama kurallar\u0131 ve\n        \u00dcniversite kararlar\u0131 esas al\u0131n\u0131r.\n      <\/p>\n\n    <\/div>\n\n  <\/section>\n\n<\/section>","protected":false},"excerpt":{"rendered":"<p>Avrupa Birli\u011fi E\u011fitim, Gen\u00e7lik ve Spor Program\u0131 Erasmus+ Nedir? Erasmus+; e\u011fitim, \u00f6\u011fretim, gen\u00e7lik ve spor alanlar\u0131nda bireylerin uluslararas\u0131 deneyim kazanmas\u0131n\u0131, kurumlar\u0131n i\u015f birli\u011fi kapasitesini geli\u015ftirmesini ve yenilik\u00e7i uygulamalar\u0131n yayg\u0131nla\u015fmas\u0131n\u0131 destekleyen Avrupa Birli\u011fi program\u0131d\u0131r. Program D\u00f6nemi 2021\u20132027 Program Yap\u0131s\u0131 3 Ana Eylem + Jean Monnet Yatay \u00d6ncelikler 4 Temel \u00d6ncelik 2021\u20132027 B\u00fct\u00e7esi Yakla\u015f\u0131k 26,2 Milyar \u20ac [&hellip;]<\/p>\n","protected":false},"author":1,"featured_media":8390,"parent":0,"menu_order":0,"comment_status":"closed","ping_status":"closed","template":"","meta":{"advanced_seo_description":"","jetpack_seo_html_title":"","jetpack_seo_noindex":false,"jetpack_seo_schema_type":"","footnotes":""},"class_list":["post-423","page","type-page","status-publish","has-post-thumbnail","hentry"],"blocksy_meta":{"styles_descriptor":{"styles":{"desktop":"","tablet":"","mobile":""},"google_fonts":[],"version":7}},"jetpack_sharing_enabled":true,"jetpack_shortlink":"https:\/\/wp.me\/PfKvKT-6P","_links":{"self":[{"href":"https:\/\/erasmus.cumhuriyet.edu.tr\/en\/wp-json\/wp\/v2\/pages\/423","targetHints":{"allow":["GET"]}}],"collection":[{"href":"https:\/\/erasmus.cumhuriyet.edu.tr\/en\/wp-json\/wp\/v2\/pages"}],"about":[{"href":"https:\/\/erasmus.cumhuriyet.edu.tr\/en\/wp-json\/wp\/v2\/types\/page"}],"author":[{"embeddable":true,"href":"https:\/\/erasmus.cumhuriyet.edu.tr\/en\/wp-json\/wp\/v2\/users\/1"}],"replies":[{"embeddable":true,"href":"https:\/\/erasmus.cumhuriyet.edu.tr\/en\/wp-json\/wp\/v2\/comments?post=423"}],"version-history":[{"count":190,"href":"https:\/\/erasmus.cumhuriyet.edu.tr\/en\/wp-json\/wp\/v2\/pages\/423\/revisions"}],"predecessor-version":[{"id":10292,"href":"https:\/\/erasmus.cumhuriyet.edu.tr\/en\/wp-json\/wp\/v2\/pages\/423\/revisions\/10292"}],"wp:featuredmedia":[{"embeddable":true,"href":"https:\/\/erasmus.cumhuriyet.edu.tr\/en\/wp-json\/wp\/v2\/media\/8390"}],"wp:attachment":[{"href":"https:\/\/erasmus.cumhuriyet.edu.tr\/en\/wp-json\/wp\/v2\/media?parent=423"}],"curies":[{"name":"wp","href":"https:\/\/api.w.org\/{rel}","templated":true}]}}