{"id":3,"date":"2021-05-14T09:19:22","date_gmt":"2021-05-14T06:19:22","guid":{"rendered":"https:\/\/erasmus.cumhuriyet.edu.tr\/?page_id=3"},"modified":"2026-08-14T04:24:11","modified_gmt":"2026-08-14T01:24:11","slug":"privacy-policy","status":"publish","type":"page","link":"https:\/\/erasmus.cumhuriyet.edu.tr\/en\/privacy-policy\/","title":{"rendered":"Privacy Policy"},"content":{"rendered":"\n<section class=\"scu-page scu-page-inner\">\n\n  <!-- =========================================================\n       HERO\n  ========================================================== -->\n  <header class=\"scu-hero\">\n\n    <span class=\"scu-hero-eyebrow\">\n      KVKK \u00b7 Gizlilik ve Veri G\u00fcvenli\u011fi\n    <\/span>\n\n    <h1>Gizlilik Politikas\u0131<\/h1>\n\n    <p class=\"scu-hero-description\">\n      Sivas Cumhuriyet \u00dcniversitesi Erasmus+ Kurum Koordinat\u00f6rl\u00fc\u011f\u00fc,\n      internet sitesini ziyaret eden kullan\u0131c\u0131lar\u0131n gizlili\u011fine ve\n      ki\u015fisel verilerinin korunmas\u0131na \u00f6nem vermektedir. Bu politika;\n      internet sitesinin kullan\u0131m\u0131 s\u0131ras\u0131nda elde edilebilecek\n      bilgilerin hangi kapsamda de\u011ferlendirildi\u011fini, veri g\u00fcvenli\u011fine\n      ili\u015fkin genel esaslar\u0131 ve kullan\u0131c\u0131lar\u0131n haklar\u0131n\u0131 a\u00e7\u0131klamaktad\u0131r.\n    <\/p>\n\n    <div class=\"scu-hero-highlights is-4\">\n\n      <div class=\"scu-hero-highlight\">\n        <i class=\"bi bi-shield-lock\"><\/i>\n        <div>\n          <span>Veri Koruma<\/span>\n          <strong>KVKK&#8217;ya Uygunluk<\/strong>\n        <\/div>\n      <\/div>\n\n      <div class=\"scu-hero-highlight\">\n        <i class=\"bi bi-person-lock\"><\/i>\n        <div>\n          <span>Gizlilik<\/span>\n          <strong>S\u0131n\u0131rl\u0131 ve Ama\u00e7l\u0131 \u0130\u015fleme<\/strong>\n        <\/div>\n      <\/div>\n\n      <div class=\"scu-hero-highlight\">\n        <i class=\"bi bi-database-lock\"><\/i>\n        <div>\n          <span>G\u00fcvenlik<\/span>\n          <strong>\u0130dar\u00ee ve Teknik Tedbirler<\/strong>\n        <\/div>\n      <\/div>\n\n      <div class=\"scu-hero-highlight\">\n        <i class=\"bi bi-person-check\"><\/i>\n        <div>\n          <span>Haklar\u0131n\u0131z<\/span>\n          <strong>KVKK Madde 11<\/strong>\n        <\/div>\n      <\/div>\n\n    <\/div>\n\n    <nav\n      class=\"scu-hero-actions\"\n      aria-label=\"Gizlilik Politikas\u0131 sayfa ba\u011flant\u0131lar\u0131\"\n    >\n\n      <a href=\"#kapsam\" class=\"is-primary\">\n        <i class=\"bi bi-info-circle\"><\/i>\n        Politikan\u0131n Kapsam\u0131\n      <\/a>\n\n      <a href=\"#veriler\">\n        <i class=\"bi bi-database\"><\/i>\n        \u0130\u015flenebilecek Veriler\n      <\/a>\n\n      <a href=\"#cerezler\">\n        <i class=\"bi bi-cookie\"><\/i>\n        \u00c7erezler\n      <\/a>\n\n      <a href=\"#haklar\">\n        <i class=\"bi bi-person-check\"><\/i>\n        Haklar\u0131n\u0131z\n      <\/a>\n\n    <\/nav>\n\n  <\/header>\n\n\n  <!-- =========================================================\n       \u00d6NEML\u0130 AYRIM\n  ========================================================== -->\n  <div class=\"scu-alert is-info\">\n\n    <div class=\"scu-alert-icon\">\n      <i class=\"bi bi-info-circle\"><\/i>\n    <\/div>\n\n    <div>\n\n      <h3>Gizlilik Politikas\u0131 ile KVKK ayd\u0131nlatma metinleri farkl\u0131d\u0131r<\/h3>\n\n      <p>\n        Bu Gizlilik Politikas\u0131, internet sitesinin kullan\u0131m\u0131na ili\u015fkin\n        genel gizlilik esaslar\u0131n\u0131 a\u00e7\u0131klamaktad\u0131r.\n      <\/p>\n\n      <p>\n        Erasmus+ ba\u015fvuru, hareketlilik, ileti\u015fim, belge teslimi,\n        anket veya di\u011fer i\u015flemler kapsam\u0131nda ki\u015fisel veri i\u015flendi\u011fi\n        durumlarda, ilgili i\u015fleme faaliyetine \u00f6zg\u00fc\n        <strong>KVKK ayd\u0131nlatma metinleri<\/strong> ayr\u0131ca uygulan\u0131r.\n        A\u00e7\u0131k r\u0131za gereken h\u00e2llerde a\u00e7\u0131k r\u0131za s\u00fcreci de ilgili\n        ayd\u0131nlatma y\u00fck\u00fcml\u00fcl\u00fc\u011f\u00fcnden ayr\u0131 olarak y\u00fcr\u00fct\u00fcl\u00fcr.\n      <\/p>\n\n    <\/div>\n\n  <\/div>\n\n\n  <!-- =========================================================\n       KAPSAM\n  ========================================================== -->\n  <section\n    class=\"scu-section scu-anchor\"\n    id=\"kapsam\"\n  >\n\n    <div class=\"scu-section-head\">\n\n      <span class=\"scu-eyebrow\">\n        Genel Bilgi\n      <\/span>\n\n      <h2>Politikan\u0131n Kapsam\u0131<\/h2>\n\n      <p>\n        Bu Gizlilik Politikas\u0131, Erasmus+ Kurum Koordinat\u00f6rl\u00fc\u011f\u00fcn\u00fcn\n        internet sitesini ziyaret eden veya internet sitesi\n        \u00fczerinden sunulan elektronik hizmetleri kullanan ki\u015filere\n        y\u00f6nelik genel bilgilendirme amac\u0131yla haz\u0131rlanm\u0131\u015ft\u0131r.\n      <\/p>\n\n    <\/div>\n\n\n    <div class=\"scu-grid-3\">\n\n      <article class=\"scu-card\">\n\n        <div class=\"scu-card-icon\">\n          <i class=\"bi bi-bank\"><\/i>\n        <\/div>\n\n        <span class=\"scu-card-label\">\n          VER\u0130 SORUMLUSU\n        <\/span>\n\n        <h3>Sivas Cumhuriyet \u00dcniversitesi<\/h3>\n\n        <p>\n          6698 say\u0131l\u0131 Ki\u015fisel Verilerin Korunmas\u0131 Kanunu kapsam\u0131nda,\n          ilgili ki\u015fisel veri i\u015fleme faaliyetleri bak\u0131m\u0131ndan veri\n          sorumlulu\u011fu Sivas Cumhuriyet \u00dcniversitesine aittir.\n        <\/p>\n\n      <\/article>\n\n\n      <article class=\"scu-card\">\n\n        <div class=\"scu-card-icon is-turquoise\">\n          <i class=\"bi bi-globe2\"><\/i>\n        <\/div>\n\n        <span class=\"scu-card-label\">\n          \u0130NTERNET S\u0130TES\u0130\n        <\/span>\n\n        <h3>Erasmus+ Hizmetleri<\/h3>\n\n        <p>\n          \u0130nternet sitesi; Erasmus+ Program\u0131na ili\u015fkin bilgilendirme,\n          ilan, duyuru, rehber, form, belge ve di\u011fer elektronik\n          hizmetlerin sunulmas\u0131 amac\u0131yla kullan\u0131lmaktad\u0131r.\n        <\/p>\n\n      <\/article>\n\n\n      <article class=\"scu-card\">\n\n        <div class=\"scu-card-icon is-green\">\n          <i class=\"bi bi-people\"><\/i>\n        <\/div>\n\n        <span class=\"scu-card-label\">\n          \u0130LG\u0130L\u0130 K\u0130\u015e\u0130LER\n        <\/span>\n\n        <h3>Kullan\u0131c\u0131lar ve Kat\u0131l\u0131mc\u0131lar<\/h3>\n\n        <p>\n          Politika; site ziyaret\u00e7ileri, Erasmus+ adaylar\u0131 ve\n          kat\u0131l\u0131mc\u0131lar\u0131 ile internet sitesi \u00fczerinden i\u015flem\n          ger\u00e7ekle\u015ftiren di\u011fer ilgili ki\u015fileri kapsar.\n        <\/p>\n\n      <\/article>\n\n    <\/div>\n\n  <\/section>\n\n\n  <!-- =========================================================\n       TEMEL \u0130LKELER\n  ========================================================== -->\n  <section class=\"scu-section\">\n\n    <div class=\"scu-section-head\">\n\n      <span class=\"scu-eyebrow\">\n        Veri Koruma\n      <\/span>\n\n      <h2>Temel Gizlilik \u0130lkelerimiz<\/h2>\n\n      <p>\n        Ki\u015fisel verilerin i\u015flenmesinde y\u00fcr\u00fcrl\u00fckteki mevzuatta\n        \u00f6ng\u00f6r\u00fclen temel veri koruma ilkeleri dikkate al\u0131n\u0131r.\n      <\/p>\n\n    <\/div>\n\n\n    <div class=\"scu-grid-3\">\n\n      <article class=\"scu-card\">\n\n        <div class=\"scu-card-icon\">\n          <i class=\"bi bi-check2-circle\"><\/i>\n        <\/div>\n\n        <h3>Hukuka ve D\u00fcr\u00fcstl\u00fck Kurallar\u0131na Uygunluk<\/h3>\n\n        <p>\n          Ki\u015fisel veriler, y\u00fcr\u00fcrl\u00fckteki mevzuata ve d\u00fcr\u00fcstl\u00fck\n          kurallar\u0131na uygun olarak i\u015flenir.\n        <\/p>\n\n      <\/article>\n\n\n      <article class=\"scu-card\">\n\n        <div class=\"scu-card-icon is-turquoise\">\n          <i class=\"bi bi-bullseye\"><\/i>\n        <\/div>\n\n        <h3>Belirli ve Me\u015fru Ama\u00e7<\/h3>\n\n        <p>\n          Veriler, a\u00e7\u0131k\u00e7a belirlenmi\u015f ve kamu hizmetinin\n          y\u00fcr\u00fct\u00fclmesiyle ba\u011flant\u0131l\u0131 me\u015fru ama\u00e7lar do\u011frultusunda\n          i\u015flenir.\n        <\/p>\n\n      <\/article>\n\n\n      <article class=\"scu-card\">\n\n        <div class=\"scu-card-icon is-green\">\n          <i class=\"bi bi-arrows-angle-contract\"><\/i>\n        <\/div>\n\n        <h3>S\u0131n\u0131rl\u0131l\u0131k ve \u00d6l\u00e7\u00fcl\u00fcl\u00fck<\/h3>\n\n        <p>\n          \u0130\u015flenen ki\u015fisel verilerin ama\u00e7la ba\u011flant\u0131l\u0131, s\u0131n\u0131rl\u0131\n          ve \u00f6l\u00e7\u00fcl\u00fc olmas\u0131 g\u00f6zetilir.\n        <\/p>\n\n      <\/article>\n\n\n      <article class=\"scu-card\">\n\n        <div class=\"scu-card-icon is-purple\">\n          <i class=\"bi bi-arrow-repeat\"><\/i>\n        <\/div>\n\n        <h3>Do\u011fruluk ve G\u00fcncellik<\/h3>\n\n        <p>\n          Gerekli oldu\u011fu durumlarda ki\u015fisel verilerin do\u011fru ve\n          g\u00fcncel tutulmas\u0131na y\u00f6nelik i\u015flemler ger\u00e7ekle\u015ftirilir.\n        <\/p>\n\n      <\/article>\n\n\n      <article class=\"scu-card\">\n\n        <div class=\"scu-card-icon is-accent\">\n          <i class=\"bi bi-clock-history\"><\/i>\n        <\/div>\n\n        <h3>Gerekli S\u00fcre Kadar Saklama<\/h3>\n\n        <p>\n          Ki\u015fisel veriler, mevzuatta \u00f6ng\u00f6r\u00fclen veya i\u015flendikleri\n          ama\u00e7 i\u00e7in gerekli olan s\u00fcre boyunca muhafaza edilir.\n        <\/p>\n\n      <\/article>\n\n\n      <article class=\"scu-card\">\n\n        <div class=\"scu-card-icon\">\n          <i class=\"bi bi-shield-check\"><\/i>\n        <\/div>\n\n        <h3>Veri G\u00fcvenli\u011fi<\/h3>\n\n        <p>\n          Ki\u015fisel verilerin yetkisiz eri\u015fime, kayba, de\u011fi\u015ftirilmeye\n          veya hukuka ayk\u0131r\u0131 i\u015flenmeye kar\u015f\u0131 korunmas\u0131 amac\u0131yla\n          uygun tedbirler uygulan\u0131r.\n        <\/p>\n\n      <\/article>\n\n    <\/div>\n\n  <\/section>\n\n\n  <!-- =========================================================\n       VER\u0130 T\u00dcRLER\u0130\n  ========================================================== -->\n  <section\n    class=\"scu-section scu-anchor\"\n    id=\"veriler\"\n  >\n\n    <div class=\"scu-section-head\">\n\n      <span class=\"scu-eyebrow\">\n        \u0130\u015flenebilecek Bilgiler\n      <\/span>\n\n      <h2>\u0130nternet Sitesi \u00dczerinden \u0130\u015flenebilecek Veriler<\/h2>\n\n      <p>\n        Kullan\u0131lan hizmetin niteli\u011fine ba\u011fl\u0131 olarak a\u015fa\u011f\u0131daki\n        kategorilerde bilgiler i\u015flenebilir. Her hizmette t\u00fcm\n        veri kategorilerinin i\u015flenmesi s\u00f6z konusu de\u011fildir.\n      <\/p>\n\n    <\/div>\n\n\n    <div class=\"scu-grid-3\">\n\n      <article class=\"scu-card\">\n\n        <div class=\"scu-card-icon\">\n          <i class=\"bi bi-person-vcard\"><\/i>\n        <\/div>\n\n        <span class=\"scu-card-label\">\n          K\u0130ML\u0130K\n        <\/span>\n\n        <h3>Kimlik Bilgileri<\/h3>\n\n        <p>\n          \u0130lgili form veya Erasmus+ i\u015fleminin gerektirmesi\n          durumunda ad, soyad, \u00f6\u011frenci veya personel bilgileri\n          gibi kimlik verileri i\u015flenebilir.\n        <\/p>\n\n      <\/article>\n\n\n      <article class=\"scu-card\">\n\n        <div class=\"scu-card-icon is-turquoise\">\n          <i class=\"bi bi-envelope\"><\/i>\n        <\/div>\n\n        <span class=\"scu-card-label\">\n          \u0130LET\u0130\u015e\u0130M\n        <\/span>\n\n        <h3>\u0130leti\u015fim Bilgileri<\/h3>\n\n        <p>\n          E-posta adresi, telefon numaras\u0131 ve ba\u015fvurunun\n          gerektirdi\u011fi di\u011fer ileti\u015fim bilgileri i\u015flenebilir.\n        <\/p>\n\n      <\/article>\n\n\n      <article class=\"scu-card\">\n\n        <div class=\"scu-card-icon is-green\">\n          <i class=\"bi bi-mortarboard\"><\/i>\n        <\/div>\n\n        <span class=\"scu-card-label\">\n          E\u011e\u0130T\u0130M\n        <\/span>\n\n        <h3>\u00d6\u011frenci ve Akademik Bilgiler<\/h3>\n\n        <p>\n          Erasmus+ i\u015flemlerinin y\u00fcr\u00fct\u00fclmesi amac\u0131yla \u00f6\u011frencilik,\n          program, b\u00f6l\u00fcm, not, yabanc\u0131 dil ve hareketlilik\n          bilgileri i\u015flenebilir.\n        <\/p>\n\n      <\/article>\n\n\n      <article class=\"scu-card\">\n\n        <div class=\"scu-card-icon is-purple\">\n          <i class=\"bi bi-briefcase\"><\/i>\n        <\/div>\n\n        <span class=\"scu-card-label\">\n          PERSONEL\n        <\/span>\n\n        <h3>Mesleki Bilgiler<\/h3>\n\n        <p>\n          Personel hareketliliklerinde g\u00f6rev, birim, unvan ve\n          hareketlilik i\u015flemiyle ba\u011flant\u0131l\u0131 mesleki bilgiler\n          i\u015flenebilir.\n        <\/p>\n\n      <\/article>\n\n\n      <article class=\"scu-card\">\n\n        <div class=\"scu-card-icon is-accent\">\n          <i class=\"bi bi-file-earmark-text\"><\/i>\n        <\/div>\n\n        <span class=\"scu-card-label\">\n          \u0130\u015eLEM\n        <\/span>\n\n        <h3>Ba\u015fvuru ve Hareketlilik Bilgileri<\/h3>\n\n        <p>\n          Ba\u015fvuru, de\u011ferlendirme, yerle\u015ftirme, hibe, s\u00f6zle\u015fme,\n          hareketlilik ve belge teslim s\u00fcre\u00e7lerine ili\u015fkin\n          bilgiler i\u015flenebilir.\n        <\/p>\n\n      <\/article>\n\n\n      <article class=\"scu-card\">\n\n        <div class=\"scu-card-icon\">\n          <i class=\"bi bi-laptop\"><\/i>\n        <\/div>\n\n        <span class=\"scu-card-label\">\n          TEKN\u0130K\n        <\/span>\n\n        <h3>\u0130\u015flem G\u00fcvenli\u011fi Bilgileri<\/h3>\n\n        <p>\n          \u0130nternet sitesinin g\u00fcvenli\u011finin sa\u011flanmas\u0131 amac\u0131yla\n          ba\u011flant\u0131 ve eri\u015fim kay\u0131tlar\u0131, zaman bilgileri ve benzeri\n          teknik veriler sistemler taraf\u0131ndan kaydedilebilir.\n        <\/p>\n\n      <\/article>\n\n    <\/div>\n\n\n    <div class=\"scu-alert is-warning scu-mt-3\">\n\n      <div class=\"scu-alert-icon\">\n        <i class=\"bi bi-exclamation-triangle\"><\/i>\n      <\/div>\n\n      <div>\n\n        <h3>Gereksiz ki\u015fisel veri payla\u015fmay\u0131n\u0131z<\/h3>\n\n        <p>\n          \u0130nternet sitesindeki serbest metin alanlar\u0131nda veya\n          ileti\u015fim formlar\u0131nda, i\u015flemin ger\u00e7ekle\u015ftirilmesi i\u00e7in\n          gerekli olmayan ki\u015fisel verilerin ve \u00f6zellikle \u00f6zel\n          nitelikli ki\u015fisel verilerin payla\u015f\u0131lmamas\u0131 \u00f6nerilir.\n        <\/p>\n\n      <\/div>\n\n    <\/div>\n\n  <\/section>\n\n\n  <!-- =========================================================\n       TOPLAMA Y\u00d6NTEMLER\u0130\n  ========================================================== -->\n  <section class=\"scu-section\">\n\n    <div class=\"scu-section-head\">\n\n      <span class=\"scu-eyebrow\">\n        Veri Elde Etme\n      <\/span>\n\n      <h2>Bilgiler Nas\u0131l Elde Edilebilir?<\/h2>\n\n    <\/div>\n\n\n    <div class=\"scu-grid-3\">\n\n      <article class=\"scu-card\">\n\n        <div class=\"scu-card-icon\">\n          <i class=\"bi bi-ui-checks\"><\/i>\n        <\/div>\n\n        <h3>Elektronik Formlar<\/h3>\n\n        <p>\n          \u0130leti\u015fim, ba\u015fvuru, belge teslimi, anket veya benzeri\n          elektronik formlara kullan\u0131c\u0131 taraf\u0131ndan girilen\n          bilgiler arac\u0131l\u0131\u011f\u0131yla veri elde edilebilir.\n        <\/p>\n\n      <\/article>\n\n\n      <article class=\"scu-card\">\n\n        <div class=\"scu-card-icon is-turquoise\">\n          <i class=\"bi bi-server\"><\/i>\n        <\/div>\n\n        <h3>Teknik Sistemler<\/h3>\n\n        <p>\n          \u0130nternet sitesinin \u00e7al\u0131\u015fmas\u0131 ve bilgi g\u00fcvenli\u011finin\n          sa\u011flanmas\u0131 kapsam\u0131nda sunucu ve g\u00fcvenlik sistemleri\n          \u00fczerinden teknik kay\u0131tlar olu\u015fabilir.\n        <\/p>\n\n      <\/article>\n\n\n      <article class=\"scu-card\">\n\n        <div class=\"scu-card-icon is-green\">\n          <i class=\"bi bi-cookie\"><\/i>\n        <\/div>\n\n        <h3>\u00c7erezler<\/h3>\n\n        <p>\n          \u0130nternet sitesinin \u00e7al\u0131\u015fmas\u0131, kullan\u0131c\u0131 tercihlerinin\n          hat\u0131rlanmas\u0131 ve izin verilen di\u011fer ama\u00e7lar kapsam\u0131nda\n          \u00e7erezlerden yararlan\u0131labilir.\n        <\/p>\n\n      <\/article>\n\n    <\/div>\n\n  <\/section>\n\n\n  <!-- =========================================================\n       \u0130\u015eLEME AMA\u00c7LARI\n  ========================================================== -->\n  <section class=\"scu-section\">\n\n    <div class=\"scu-section-head\">\n\n      <span class=\"scu-eyebrow\">\n        \u0130\u015fleme Ama\u00e7lar\u0131\n      <\/span>\n\n      <h2>Ki\u015fisel Veriler Hangi Ama\u00e7larla \u0130\u015flenebilir?<\/h2>\n\n    <\/div>\n\n\n    <ul class=\"scu-check-list\">\n\n      <li>\n        Erasmus+ ba\u015fvuru ve hareketlilik s\u00fcre\u00e7lerinin y\u00fcr\u00fct\u00fclmesi,\n      <\/li>\n\n      <li>\n        \u00d6\u011frenci ve personel hareketlilik i\u015flemlerinin ger\u00e7ekle\u015ftirilmesi,\n      <\/li>\n\n      <li>\n        \u0130lan, de\u011ferlendirme, se\u00e7im ve yerle\u015ftirme s\u00fcre\u00e7lerinin y\u00fcr\u00fct\u00fclmesi,\n      <\/li>\n\n      <li>\n        Belge, s\u00f6zle\u015fme ve hibe i\u015flemlerinin ger\u00e7ekle\u015ftirilmesi,\n      <\/li>\n\n      <li>\n        \u0130leti\u015fim taleplerinin cevapland\u0131r\u0131lmas\u0131,\n      <\/li>\n\n      <li>\n        Kurumsal y\u00fck\u00fcml\u00fcl\u00fcklerin ve kamu hizmetinin yerine getirilmesi,\n      <\/li>\n\n      <li>\n        Mevzuattan kaynaklanan kay\u0131t, ar\u015fiv ve raporlama\n        y\u00fck\u00fcml\u00fcl\u00fcklerinin yerine getirilmesi,\n      <\/li>\n\n      <li>\n        \u0130statistiksel de\u011ferlendirme ve hizmet kalitesinin\n        geli\u015ftirilmesi,\n      <\/li>\n\n      <li>\n        \u0130nternet sitesinin ve bilgi sistemlerinin g\u00fcvenli\u011finin\n        sa\u011flanmas\u0131,\n      <\/li>\n\n      <li>\n        Yetkisiz kullan\u0131m\u0131n ve bilgi g\u00fcvenli\u011fi olaylar\u0131n\u0131n\n        \u00f6nlenmesi ve incelenmesi,\n      <\/li>\n\n      <li>\n        Yetkili kamu kurum ve kurulu\u015flar\u0131ndan gelen hukuka uygun\n        taleplerin kar\u015f\u0131lanmas\u0131\n      <\/li>\n\n    <\/ul>\n\n  <\/section>\n\n\n  <!-- =========================================================\n       AKTARIM\n  ========================================================== -->\n  <section class=\"scu-section\">\n\n    <div class=\"scu-section-head\">\n\n      <span class=\"scu-eyebrow\">\n        Veri Aktar\u0131m\u0131\n      <\/span>\n\n      <h2>Ki\u015fisel Verilerin Payla\u015f\u0131lmas\u0131<\/h2>\n\n      <p>\n        Ki\u015fisel veriler yaln\u0131zca ilgili s\u00fcrecin gerektirdi\u011fi,\n        hukuki dayana\u011f\u0131n bulundu\u011fu ve yetkili taraflarla payla\u015f\u0131m\u0131n\n        gerekli oldu\u011fu \u00f6l\u00e7\u00fcde aktar\u0131labilir.\n      <\/p>\n\n    <\/div>\n\n\n    <div class=\"scu-grid-3\">\n\n      <article class=\"scu-card\">\n\n        <div class=\"scu-card-icon\">\n          <i class=\"bi bi-bank2\"><\/i>\n        <\/div>\n\n        <h3>Yetkili Kamu Kurumlar\u0131<\/h3>\n\n        <p>\n          Mevzuattan kaynaklanan y\u00fck\u00fcml\u00fcl\u00fckler veya hukuka uygun\n          talepler kapsam\u0131nda yetkili kamu kurum ve kurulu\u015flar\u0131yla\n          veri payla\u015f\u0131m\u0131 ger\u00e7ekle\u015ftirilebilir.\n        <\/p>\n\n      <\/article>\n\n\n      <article class=\"scu-card\">\n\n        <div class=\"scu-card-icon is-turquoise\">\n          <i class=\"bi bi-building\"><\/i>\n        <\/div>\n\n        <h3>Erasmus+ Kurumlar\u0131<\/h3>\n\n        <p>\n          Hareketlili\u011fin y\u00fcr\u00fct\u00fclmesi i\u00e7in gerekli oldu\u011fu \u00f6l\u00e7\u00fcde\n          T\u00fcrkiye Ulusal Ajans\u0131, Avrupa Komisyonunun ilgili\n          sistemleri ve hareketlili\u011fe taraf y\u00fcksek\u00f6\u011fretim\n          kurumlar\u0131yla veri payla\u015f\u0131m\u0131 ger\u00e7ekle\u015ftirilebilir.\n        <\/p>\n\n      <\/article>\n\n\n      <article class=\"scu-card\">\n\n        <div class=\"scu-card-icon is-green\">\n          <i class=\"bi bi-diagram-3\"><\/i>\n        <\/div>\n\n        <h3>Yetkili \u00dcniversite Birimleri<\/h3>\n\n        <p>\n          Erasmus+ i\u015flemlerinin y\u00fcr\u00fct\u00fclmesi amac\u0131yla gerekli\n          ki\u015fisel veriler \u00dcniversite b\u00fcnyesindeki g\u00f6revli ve\n          yetkili birimlerle payla\u015f\u0131labilir.\n        <\/p>\n\n      <\/article>\n\n    <\/div>\n\n\n    <div class=\"scu-alert is-info scu-mt-3\">\n\n      <div class=\"scu-alert-icon\">\n        <i class=\"bi bi-globe-europe-africa\"><\/i>\n      <\/div>\n\n      <div>\n\n        <h3>Yurt d\u0131\u015f\u0131 hareketliliklerin niteli\u011fi<\/h3>\n\n        <p>\n          Erasmus+ Program\u0131 do\u011fas\u0131 gere\u011fi uluslararas\u0131 hareketlilik\n          i\u00e7erdi\u011finden, hareketlili\u011fin y\u00fcr\u00fct\u00fclmesi amac\u0131yla gerekli\n          verilerin yurt d\u0131\u015f\u0131ndaki ev sahibi kurumlar veya ilgili\n          Erasmus+ bilgi sistemleriyle payla\u015f\u0131lmas\u0131 gerekebilir.\n          Bu t\u00fcr i\u015flemler y\u00fcr\u00fcrl\u00fckteki ki\u015fisel veri mevzuat\u0131\n          \u00e7er\u00e7evesinde de\u011ferlendirilir.\n        <\/p>\n\n      <\/div>\n\n    <\/div>\n\n  <\/section>\n\n\n  <!-- =========================================================\n       \u00c7EREZLER\n  ========================================================== -->\n  <section\n    class=\"scu-section scu-anchor\"\n    id=\"cerezler\"\n  >\n\n    <div class=\"scu-section-head\">\n\n      <span class=\"scu-eyebrow\">\n        \u0130nternet Teknolojileri\n      <\/span>\n\n      <h2>\u00c7erezler ve Benzeri Teknolojiler<\/h2>\n\n      <p>\n        \u0130nternet sitesinde, sitenin g\u00fcvenli ve d\u00fczg\u00fcn bi\u00e7imde\n        \u00e7al\u0131\u015fmas\u0131 ile kullan\u0131c\u0131 tercihlerinin y\u00f6netilmesi amac\u0131yla\n        \u00e7erezlerden yararlan\u0131labilir.\n      <\/p>\n\n    <\/div>\n\n\n    <div class=\"scu-grid-2\">\n\n      <article class=\"scu-card\">\n\n        <div class=\"scu-card-icon\">\n          <i class=\"bi bi-gear\"><\/i>\n        <\/div>\n\n        <span class=\"scu-card-label\">\n          ZORUNLU\n        <\/span>\n\n        <h3>Zorunlu \u00c7erezler<\/h3>\n\n        <p>\n          \u0130nternet sitesinin temel fonksiyonlar\u0131n\u0131n \u00e7al\u0131\u015fmas\u0131,\n          g\u00fcvenli\u011fin sa\u011flanmas\u0131 ve kullan\u0131c\u0131n\u0131n \u00e7erez tercihlerinin\n          hat\u0131rlanmas\u0131 gibi ama\u00e7larla gerekli olan \u00e7erezler\n          kullan\u0131labilir.\n        <\/p>\n\n      <\/article>\n\n\n      <article class=\"scu-card\">\n\n        <div class=\"scu-card-icon is-turquoise\">\n          <i class=\"bi bi-sliders\"><\/i>\n        <\/div>\n\n        <span class=\"scu-card-label\">\n          TERC\u0130HE BA\u011eLI\n        <\/span>\n\n        <h3>Di\u011fer \u00c7erezler<\/h3>\n\n        <p>\n          Zorunlu olmayan \u00e7erezlerin kullan\u0131m\u0131, hukuki dayana\u011f\u0131n\n          gerektirdi\u011fi durumlarda kullan\u0131c\u0131n\u0131n tercihine veya\n          a\u00e7\u0131k r\u0131zas\u0131na ba\u011fl\u0131 olarak ger\u00e7ekle\u015ftirilebilir.\n        <\/p>\n\n      <\/article>\n\n    <\/div>\n\n\n    <div class=\"scu-alert is-warning scu-mt-3\">\n\n      <div class=\"scu-alert-icon\">\n        <i class=\"bi bi-cookie\"><\/i>\n      <\/div>\n\n      <div>\n\n        <h3>\u00c7erez tercihlerinizi y\u00f6netebilirsiniz<\/h3>\n\n        <p>\n          \u0130nternet sitesinde sunulan \u00e7erez tercih paneli \u00fczerinden\n          zorunlu olmayan \u00e7erezlere ili\u015fkin tercihlerinizi\n          y\u00f6netebilirsiniz. Ayr\u0131ca internet taray\u0131c\u0131n\u0131z \u00fczerinden\n          \u00e7erez ayarlar\u0131n\u0131 de\u011fi\u015ftirebilirsiniz.\n        <\/p>\n\n      <\/div>\n\n    <\/div>\n\n  <\/section>\n\n\n  <!-- =========================================================\n       \u00dc\u00c7\u00dcNC\u00dc TARAF\n  ========================================================== -->\n  <section class=\"scu-section\">\n\n    <div class=\"scu-section-head\">\n\n      <span class=\"scu-eyebrow\">\n        Haric\u00ee Hizmetler\n      <\/span>\n\n      <h2>\u00dc\u00e7\u00fcnc\u00fc Taraf \u0130nternet Siteleri<\/h2>\n\n      <p>\n        Erasmus+ internet sitesinde kullan\u0131c\u0131lar\u0131n resm\u00ee veya\n        yararl\u0131 kaynaklara ula\u015fabilmesi amac\u0131yla \u00fc\u00e7\u00fcnc\u00fc taraf\n        internet sitelerine ba\u011flant\u0131lar bulunabilir.\n      <\/p>\n\n    <\/div>\n\n\n    <div class=\"scu-alert is-info\">\n\n      <div class=\"scu-alert-icon\">\n        <i class=\"bi bi-box-arrow-up-right\"><\/i>\n      <\/div>\n\n      <div>\n\n        <h3>Haric\u00ee sitelerin kendi gizlilik politikalar\u0131 uygulan\u0131r<\/h3>\n\n        <p>\n          Kullan\u0131c\u0131 ba\u015fka bir kurum veya hizmet sa\u011flay\u0131c\u0131ya ait\n          internet sitesine ge\u00e7ti\u011finde, s\u00f6z konusu internet\n          sitesinin kendi gizlilik, \u00e7erez ve ki\u015fisel veri i\u015fleme\n          uygulamalar\u0131 ge\u00e7erli olur.\n        <\/p>\n\n        <p>\n          Kullan\u0131c\u0131lar\u0131n ki\u015fisel veri payla\u015fmadan \u00f6nce ilgili\n          internet sitesinin gizlilik ve veri koruma metinlerini\n          incelemeleri \u00f6nerilir.\n        <\/p>\n\n      <\/div>\n\n    <\/div>\n\n  <\/section>\n\n\n  <!-- =========================================================\n       G\u00dcVENL\u0130K\n  ========================================================== -->\n  <section class=\"scu-section\">\n\n    <div class=\"scu-section-head\">\n\n      <span class=\"scu-eyebrow\">\n        Veri G\u00fcvenli\u011fi\n      <\/span>\n\n      <h2>Ki\u015fisel Verilerin Korunmas\u0131<\/h2>\n\n      <p>\n        Ki\u015fisel verilerin g\u00fcvenli\u011finin sa\u011flanmas\u0131 amac\u0131yla\n        \u00dcniversitenin bilgi g\u00fcvenli\u011fi ve ki\u015fisel veri koruma\n        d\u00fczenlemeleri \u00e7er\u00e7evesinde uygun idar\u00ee ve teknik\n        tedbirler uygulan\u0131r.\n      <\/p>\n\n    <\/div>\n\n\n    <div class=\"scu-grid-3\">\n\n      <article class=\"scu-card\">\n\n        <div class=\"scu-card-icon\">\n          <i class=\"bi bi-person-lock\"><\/i>\n        <\/div>\n\n        <h3>Yetki S\u0131n\u0131rland\u0131rmas\u0131<\/h3>\n\n        <p>\n          Ki\u015fisel verilere eri\u015fim, g\u00f6rev ve yetkinin gerektirdi\u011fi\n          \u00f6l\u00e7\u00fcde s\u0131n\u0131rland\u0131r\u0131l\u0131r.\n        <\/p>\n\n      <\/article>\n\n\n      <article class=\"scu-card\">\n\n        <div class=\"scu-card-icon is-turquoise\">\n          <i class=\"bi bi-shield-check\"><\/i>\n        <\/div>\n\n        <h3>Teknik G\u00fcvenlik<\/h3>\n\n        <p>\n          Bilgi sistemlerinde yetkisiz eri\u015fim ve g\u00fcvenlik\n          ihlallerine kar\u015f\u0131 uygun teknik g\u00fcvenlik tedbirleri\n          uygulan\u0131r.\n        <\/p>\n\n      <\/article>\n\n\n      <article class=\"scu-card\">\n\n        <div class=\"scu-card-icon is-green\">\n          <i class=\"bi bi-file-earmark-lock\"><\/i>\n        <\/div>\n\n        <h3>Kurumsal S\u00fcre\u00e7ler<\/h3>\n\n        <p>\n          Veri i\u015fleme, eri\u015fim, saklama ve imha i\u015flemleri ilgili\n          kurumsal politika ve prosed\u00fcrler \u00e7er\u00e7evesinde y\u00fcr\u00fct\u00fcl\u00fcr.\n        <\/p>\n\n      <\/article>\n\n    <\/div>\n\n  <\/section>\n\n\n  <!-- =========================================================\n       SAKLAMA\n  ========================================================== -->\n  <section class=\"scu-section\">\n\n    <div class=\"scu-section-head\">\n\n      <span class=\"scu-eyebrow\">\n        Saklama ve \u0130mha\n      <\/span>\n\n      <h2>Ki\u015fisel Verilerin Saklanma S\u00fcresi<\/h2>\n\n      <p>\n        Ki\u015fisel veriler s\u00fcresiz olarak saklanmaz. Saklama s\u00fcresi;\n        verinin niteli\u011fi, i\u015fleme amac\u0131, Erasmus+ program kurallar\u0131,\n        proje ve mali belge y\u00fck\u00fcml\u00fcl\u00fckleri, ar\u015fiv mevzuat\u0131 ve di\u011fer\n        ilgili yasal d\u00fczenlemelere g\u00f6re belirlenir.\n      <\/p>\n\n    <\/div>\n\n\n    <div class=\"scu-alert is-success\">\n\n      <div class=\"scu-alert-icon\">\n        <i class=\"bi bi-clock-history\"><\/i>\n      <\/div>\n\n      <div>\n\n        <h3>Saklama amac\u0131 sona erdi\u011finde<\/h3>\n\n        <p>\n          \u0130lgili mevzuatta \u00f6ng\u00f6r\u00fclen saklama s\u00fcrelerinin sona\n          ermesi ve ki\u015fisel verilerin i\u015flenmesini gerektiren\n          sebeplerin ortadan kalkmas\u0131 h\u00e2linde veriler, uygulanabilir\n          mevzuat ve \u00dcniversitenin ki\u015fisel veri saklama ve imha\n          d\u00fczenlemeleri do\u011frultusunda silinir, yok edilir veya\n          anonim h\u00e2le getirilir.\n        <\/p>\n\n      <\/div>\n\n    <\/div>\n\n  <\/section>\n\n\n  <!-- =========================================================\n       HAKLAR\n  ========================================================== -->\n  <section\n    class=\"scu-section scu-anchor\"\n    id=\"haklar\"\n  >\n\n    <div class=\"scu-section-head\">\n\n      <span class=\"scu-eyebrow\">\n        KVKK Madde 11\n      <\/span>\n\n      <h2>Ki\u015fisel Verilerinize \u0130li\u015fkin Haklar\u0131n\u0131z<\/h2>\n\n      <p>\n        6698 say\u0131l\u0131 Ki\u015fisel Verilerin Korunmas\u0131 Kanunu kapsam\u0131nda\n        ilgili ki\u015filer, veri sorumlusuna ba\u015fvurarak Kanunun\n        11. maddesinde d\u00fczenlenen haklar\u0131n\u0131 kullanabilir.\n      <\/p>\n\n    <\/div>\n\n\n    <ul class=\"scu-check-list\">\n\n      <li>\n        Ki\u015fisel verilerinizin i\u015flenip i\u015flenmedi\u011fini \u00f6\u011frenme,\n      <\/li>\n\n      <li>\n        Ki\u015fisel verileriniz i\u015flenmi\u015fse buna ili\u015fkin bilgi talep etme,\n      <\/li>\n\n      <li>\n        Ki\u015fisel verilerinizin i\u015flenme amac\u0131n\u0131 ve amac\u0131na uygun\n        kullan\u0131l\u0131p kullan\u0131lmad\u0131\u011f\u0131n\u0131 \u00f6\u011frenme,\n      <\/li>\n\n      <li>\n        Ki\u015fisel verilerinizin yurt i\u00e7inde veya yurt d\u0131\u015f\u0131nda\n        aktar\u0131ld\u0131\u011f\u0131 \u00fc\u00e7\u00fcnc\u00fc ki\u015fileri bilme,\n      <\/li>\n\n      <li>\n        Ki\u015fisel verilerin eksik veya yanl\u0131\u015f i\u015flenmi\u015f olmas\u0131 h\u00e2linde\n        bunlar\u0131n d\u00fczeltilmesini isteme,\n      <\/li>\n\n      <li>\n        Kanunda \u00f6ng\u00f6r\u00fclen \u015fartlar\u0131n olu\u015fmas\u0131 h\u00e2linde ki\u015fisel\n        verilerin silinmesini veya yok edilmesini isteme,\n      <\/li>\n\n      <li>\n        D\u00fczeltme, silme veya yok etme i\u015flemlerinin verilerin\n        aktar\u0131ld\u0131\u011f\u0131 \u00fc\u00e7\u00fcnc\u00fc ki\u015filere bildirilmesini isteme,\n      <\/li>\n\n      <li>\n        \u0130\u015flenen verilerin m\u00fcnhas\u0131ran otomatik sistemler vas\u0131tas\u0131yla\n        analiz edilmesi suretiyle ki\u015finin kendisi aleyhine bir\n        sonucun ortaya \u00e7\u0131kmas\u0131na itiraz etme,\n      <\/li>\n\n      <li>\n        Ki\u015fisel verilerin kanuna ayk\u0131r\u0131 i\u015flenmesi nedeniyle zarara\n        u\u011franmas\u0131 h\u00e2linde zarar\u0131n giderilmesini talep etme\n      <\/li>\n\n    <\/ul>\n\n\n    <div class=\"scu-alert is-info scu-mt-3\">\n\n      <div class=\"scu-alert-icon\">\n        <i class=\"bi bi-file-earmark-person\"><\/i>\n      <\/div>\n\n      <div>\n\n        <h3>\u0130lgili ki\u015fi ba\u015fvurular\u0131<\/h3>\n\n        <p>\n          Ki\u015fisel verilerinize ili\u015fkin taleplerinizi, Sivas\n          Cumhuriyet \u00dcniversitesinin ilgili ki\u015fi ba\u015fvuru usulleri\n          do\u011frultusunda \u00dcniversiteye iletebilirsiniz.\n        <\/p>\n\n      <\/div>\n\n    <\/div>\n\n  <\/section>\n\n\n  <!-- =========================================================\n       KVKK BA\u011eLANTILARI\n  ========================================================== -->\n  <section class=\"scu-section\">\n\n    <div class=\"scu-section-head\">\n\n      <span class=\"scu-eyebrow\">\n        KVKK Kaynaklar\u0131\n      <\/span>\n\n      <h2>Ki\u015fisel Verilerin Korunmas\u0131<\/h2>\n\n      <p>\n        Ayr\u0131nt\u0131l\u0131 ayd\u0131nlatma metinleri, kurumsal politikalar ve\n        ilgili ki\u015fi ba\u015fvuru s\u00fcre\u00e7leri i\u00e7in a\u015fa\u011f\u0131daki kaynaklar\u0131\n        inceleyebilirsiniz.\n      <\/p>\n\n    <\/div>\n\n\n    <div class=\"scu-grid-2\">\n\n\n      <a\n        class=\"scu-link-card\"\n        href=\"\/kvkk\/\"\n      >\n\n        <i class=\"bi bi-shield-lock\"><\/i>\n\n        <div>\n          <small>Erasmus+ Kurum Koordinat\u00f6rl\u00fc\u011f\u00fc<\/small>\n          <strong>Ki\u015fisel Verilerin Korunmas\u0131<\/strong>\n        <\/div>\n\n        <i class=\"bi bi-arrow-right\"><\/i>\n\n      <\/a>\n\n\n      <a\n        class=\"scu-link-card\"\n        href=\"https:\/\/kvkk.cumhuriyet.edu.tr\/\"\n        target=\"_blank\"\n        rel=\"noopener\"\n      >\n\n        <i class=\"bi bi-bank\"><\/i>\n\n        <div>\n          <small>Sivas Cumhuriyet \u00dcniversitesi<\/small>\n          <strong>Kurumsal KVKK Portal\u0131<\/strong>\n        <\/div>\n\n        <i class=\"bi bi-arrow-up-right\"><\/i>\n\n      <\/a>\n\n\n      <a\n        class=\"scu-link-card\"\n        href=\"https:\/\/www.kvkk.gov.tr\/Icerik\/2036\/Ilgili-Kisinin-Haklari\"\n        target=\"_blank\"\n        rel=\"noopener\"\n      >\n\n        <i class=\"bi bi-person-check\"><\/i>\n\n        <div>\n          <small>Ki\u015fisel Verileri Koruma Kurumu<\/small>\n          <strong>\u0130lgili Ki\u015finin Haklar\u0131<\/strong>\n        <\/div>\n\n        <i class=\"bi bi-arrow-up-right\"><\/i>\n\n      <\/a>\n\n\n      <a\n        class=\"scu-link-card\"\n        href=\"https:\/\/www.kvkk.gov.tr\/\"\n        target=\"_blank\"\n        rel=\"noopener\"\n      >\n\n        <i class=\"bi bi-box-arrow-up-right\"><\/i>\n\n        <div>\n          <small>Resm\u00ee Kaynak<\/small>\n          <strong>Ki\u015fisel Verileri Koruma Kurumu<\/strong>\n        <\/div>\n\n        <i class=\"bi bi-arrow-up-right\"><\/i>\n\n      <\/a>\n\n    <\/div>\n\n  <\/section>\n\n\n  <!-- =========================================================\n       \u0130LET\u0130\u015e\u0130M\n  ========================================================== -->\n  <section class=\"scu-section\">\n\n    <div class=\"scu-section-head\">\n\n      <span class=\"scu-eyebrow\">\n        \u0130leti\u015fim\n      <\/span>\n\n      <h2>Erasmus+ Kurum Koordinat\u00f6rl\u00fc\u011f\u00fc<\/h2>\n\n      <p>\n        Erasmus+ s\u00fcre\u00e7lerine ili\u015fkin genel bilgi ve y\u00f6nlendirme\n        talepleri i\u00e7in a\u015fa\u011f\u0131daki ileti\u015fim kanallar\u0131 kullan\u0131labilir.\n        Ki\u015fisel verilere ili\u015fkin resm\u00ee ba\u015fvurular\u0131n ise \u00dcniversitenin\n        KVKK ba\u015fvuru usullerine uygun olarak yap\u0131lmas\u0131 gerekmektedir.\n      <\/p>\n\n    <\/div>\n\n\n    <div class=\"scu-grid-3\">\n\n      <article class=\"scu-card\">\n\n        <div class=\"scu-card-icon\">\n          <i class=\"bi bi-telephone\"><\/i>\n        <\/div>\n\n        <span class=\"scu-card-label\">\n          TELEFON\n        <\/span>\n\n        <h3>+90 (346) 487 5160<\/h3>\n\n        <p>\n          Dahili: 5160\n        <\/p>\n\n      <\/article>\n\n\n      <article class=\"scu-card\">\n\n        <div class=\"scu-card-icon is-turquoise\">\n          <i class=\"bi bi-envelope\"><\/i>\n        <\/div>\n\n        <span class=\"scu-card-label\">\n          E-POSTA\n        <\/span>\n\n        <h3>erasmus [at] cumhuriyet.edu.tr<\/h3>\n\n        <p>\n          Erasmus+ Kurum Koordinat\u00f6rl\u00fc\u011f\u00fc genel ileti\u015fim adresidir.\n        <\/p>\n\n      <\/article>\n\n\n      <article class=\"scu-card\">\n\n        <div class=\"scu-card-icon is-green\">\n          <i class=\"bi bi-geo-alt\"><\/i>\n        <\/div>\n\n        <span class=\"scu-card-label\">\n          ADRES\n        <\/span>\n\n        <h3>Uluslararas\u0131 \u0130li\u015fkiler Ofisi<\/h3>\n\n        <p>\n          Yeni\u015fehir Mh. Cumhuriyet \u00dcniversitesi Yerle\u015fkesi Sk.\n          No:73, 58140 Merkez \/ Sivas, T\u00fcrkiye\n        <\/p>\n\n      <\/article>\n\n    <\/div>\n\n  <\/section>\n\n\n  <!-- =========================================================\n       SSS\n  ========================================================== -->\n  <section class=\"scu-section\">\n\n    <div class=\"scu-section-head\">\n\n      <span class=\"scu-eyebrow\">\n        S\u0131k Sorulan Sorular\n      <\/span>\n\n      <h2>Gizlilik Politikas\u0131 Hakk\u0131nda<\/h2>\n\n    <\/div>\n\n\n    <div class=\"scu-accordion-group\">\n\n\n      <details class=\"scu-accordion\">\n\n        <summary>\n\n          <span>\n            <i class=\"bi bi-question-circle\"><\/i>\n            Bu politika KVKK ayd\u0131nlatma metni yerine ge\u00e7er mi?\n          <\/span>\n\n          <i class=\"bi bi-chevron-down scu-accordion-arrow\"><\/i>\n\n        <\/summary>\n\n        <div class=\"scu-accordion-content scu-richtext\">\n\n          <p>\n            Hay\u0131r. Bu politika internet sitesine ili\u015fkin genel\n            gizlilik esaslar\u0131n\u0131 a\u00e7\u0131klamaktad\u0131r. Ki\u015fisel veri\n            i\u015flenen belirli bir Erasmus+ i\u015flemi i\u00e7in ilgili\n            ayd\u0131nlatma metni ayr\u0131ca uygulan\u0131r.\n          <\/p>\n\n        <\/div>\n\n      <\/details>\n\n\n      <details class=\"scu-accordion\">\n\n        <summary>\n\n          <span>\n            <i class=\"bi bi-cookie\"><\/i>\n            \u0130nternet sitesinde \u00e7erez kullan\u0131l\u0131yor mu?\n          <\/span>\n\n          <i class=\"bi bi-chevron-down scu-accordion-arrow\"><\/i>\n\n        <\/summary>\n\n        <div class=\"scu-accordion-content scu-richtext\">\n\n          <p>\n            \u0130nternet sitesinin temel i\u015flevlerinin y\u00fcr\u00fct\u00fclmesi ve\n            kullan\u0131c\u0131 tercihlerinin y\u00f6netilmesi amac\u0131yla \u00e7erezler\n            kullan\u0131labilir. Zorunlu olmayan \u00e7erezlere ili\u015fkin\n            tercihler site \u00fczerindeki \u00e7erez y\u00f6netim arac\u0131\n            \u00fczerinden d\u00fczenlenebilir.\n          <\/p>\n\n        <\/div>\n\n      <\/details>\n\n\n      <details class=\"scu-accordion\">\n\n        <summary>\n\n          <span>\n            <i class=\"bi bi-box-arrow-up-right\"><\/i>\n            Ba\u015fka internet sitesine ge\u00e7ti\u011fimde bu politika ge\u00e7erli mi?\n          <\/span>\n\n          <i class=\"bi bi-chevron-down scu-accordion-arrow\"><\/i>\n\n        <\/summary>\n\n        <div class=\"scu-accordion-content scu-richtext\">\n\n          <p>\n            Hay\u0131r. Haric\u00ee bir internet sitesine ge\u00e7ildi\u011finde ilgili\n            internet sitesinin kendi gizlilik ve ki\u015fisel veri\n            politikalar\u0131 uygulan\u0131r.\n          <\/p>\n\n        <\/div>\n\n      <\/details>\n\n\n      <details class=\"scu-accordion\">\n\n        <summary>\n\n          <span>\n            <i class=\"bi bi-person-check\"><\/i>\n            Ki\u015fisel verilerim hakk\u0131nda bilgi talep edebilir miyim?\n          <\/span>\n\n          <i class=\"bi bi-chevron-down scu-accordion-arrow\"><\/i>\n\n        <\/summary>\n\n        <div class=\"scu-accordion-content scu-richtext\">\n\n          <p>\n            Evet. 6698 say\u0131l\u0131 Kanunun 11. maddesi kapsam\u0131nda\n            d\u00fczenlenen haklar\u0131n\u0131z\u0131 \u00dcniversitenin ilgili ki\u015fi\n            ba\u015fvuru usullerine uygun \u015fekilde kullanabilirsiniz.\n          <\/p>\n\n        <\/div>\n\n      <\/details>\n\n\n      <details class=\"scu-accordion\">\n\n        <summary>\n\n          <span>\n            <i class=\"bi bi-trash3\"><\/i>\n            Ki\u015fisel veriler s\u00fcresiz mi saklan\u0131r?\n          <\/span>\n\n          <i class=\"bi bi-chevron-down scu-accordion-arrow\"><\/i>\n\n        <\/summary>\n\n        <div class=\"scu-accordion-content scu-richtext\">\n\n          <p>\n            Hay\u0131r. Ki\u015fisel verilerin saklanma s\u00fcreleri ilgili\n            mevzuat, i\u015fleme amac\u0131 ve kurumsal saklama ve imha\n            d\u00fczenlemelerine g\u00f6re belirlenir.\n          <\/p>\n\n        <\/div>\n\n      <\/details>\n\n    <\/div>\n\n  <\/section>\n\n\n  <!-- =========================================================\n       G\u00dcNCELLEME\n  ========================================================== -->\n  <section class=\"scu-section\">\n\n    <div class=\"scu-section-head\">\n\n      <span class=\"scu-eyebrow\">\n        Politika G\u00fcncellemeleri\n      <\/span>\n\n      <h2>Gizlilik Politikas\u0131nda De\u011fi\u015fiklikler<\/h2>\n\n    <\/div>\n\n\n    <div class=\"scu-alert is-info\">\n\n      <div class=\"scu-alert-icon\">\n        <i class=\"bi bi-arrow-repeat\"><\/i>\n      <\/div>\n\n      <div>\n\n        <h3>Politika gerekti\u011finde g\u00fcncellenebilir<\/h3>\n\n        <p>\n          Mevzuatta, Erasmus+ s\u00fcre\u00e7lerinde, \u00dcniversitenin\n          ki\u015fisel veri politikalar\u0131nda veya internet sitesinin\n          teknik yap\u0131s\u0131nda meydana gelebilecek de\u011fi\u015fikliklere\n          ba\u011fl\u0131 olarak bu Gizlilik Politikas\u0131 g\u00fcncellenebilir.\n        <\/p>\n\n        <p>\n          G\u00fcncel s\u00fcr\u00fcm internet sitesinde yay\u0131mlan\u0131r.\n        <\/p>\n\n      <\/div>\n\n    <\/div>\n\n  <\/section>\n\n\n  <!-- =========================================================\n       SON\n  ========================================================== -->\n  <div class=\"scu-alert is-success\">\n\n    <div class=\"scu-alert-icon\">\n      <i class=\"bi bi-shield-check\"><\/i>\n    <\/div>\n\n    <div>\n\n      <h3>Son G\u00fcncelleme: 14 A\u011fustos 2026<\/h3>\n\n      <p>\n        Bu Gizlilik Politikas\u0131, Sivas Cumhuriyet \u00dcniversitesi\n        Erasmus+ Kurum Koordinat\u00f6rl\u00fc\u011f\u00fc internet sitesinin\n        gizlilik ve ki\u015fisel veri koruma uygulamalar\u0131na ili\u015fkin\n        genel bilgilendirme amac\u0131yla yay\u0131mlanm\u0131\u015ft\u0131r.\n      <\/p>\n\n    <\/div>\n\n  <\/div>\n\n<\/section>\n","protected":false},"excerpt":{"rendered":"<p>KVKK \u00b7 Gizlilik ve Veri G\u00fcvenli\u011fi Gizlilik Politikas\u0131 Sivas Cumhuriyet \u00dcniversitesi Erasmus+ Kurum Koordinat\u00f6rl\u00fc\u011f\u00fc, internet sitesini ziyaret eden kullan\u0131c\u0131lar\u0131n gizlili\u011fine ve ki\u015fisel verilerinin korunmas\u0131na \u00f6nem vermektedir. Bu politika; internet sitesinin kullan\u0131m\u0131 s\u0131ras\u0131nda elde edilebilecek bilgilerin hangi kapsamda de\u011ferlendirildi\u011fini, veri g\u00fcvenli\u011fine ili\u015fkin genel esaslar\u0131 ve kullan\u0131c\u0131lar\u0131n haklar\u0131n\u0131 a\u00e7\u0131klamaktad\u0131r. Veri Koruma KVKK&#8217;ya Uygunluk Gizlilik S\u0131n\u0131rl\u0131 ve Ama\u00e7l\u0131 [&hellip;]<\/p>\n","protected":false},"author":1,"featured_media":0,"parent":0,"menu_order":0,"comment_status":"closed","ping_status":"closed","template":"","meta":{"advanced_seo_description":"","jetpack_seo_html_title":"","jetpack_seo_noindex":false,"jetpack_seo_schema_type":"","footnotes":""},"class_list":["post-3","page","type-page","status-publish","hentry"],"blocksy_meta":{"styles_descriptor":{"styles":{"desktop":"","tablet":"","mobile":""},"google_fonts":[],"version":7}},"jetpack_sharing_enabled":true,"jetpack_shortlink":"https:\/\/wp.me\/PfKvKT-3","_links":{"self":[{"href":"https:\/\/erasmus.cumhuriyet.edu.tr\/en\/wp-json\/wp\/v2\/pages\/3","targetHints":{"allow":["GET"]}}],"collection":[{"href":"https:\/\/erasmus.cumhuriyet.edu.tr\/en\/wp-json\/wp\/v2\/pages"}],"about":[{"href":"https:\/\/erasmus.cumhuriyet.edu.tr\/en\/wp-json\/wp\/v2\/types\/page"}],"author":[{"embeddable":true,"href":"https:\/\/erasmus.cumhuriyet.edu.tr\/en\/wp-json\/wp\/v2\/users\/1"}],"replies":[{"embeddable":true,"href":"https:\/\/erasmus.cumhuriyet.edu.tr\/en\/wp-json\/wp\/v2\/comments?post=3"}],"version-history":[{"count":3,"href":"https:\/\/erasmus.cumhuriyet.edu.tr\/en\/wp-json\/wp\/v2\/pages\/3\/revisions"}],"predecessor-version":[{"id":10374,"href":"https:\/\/erasmus.cumhuriyet.edu.tr\/en\/wp-json\/wp\/v2\/pages\/3\/revisions\/10374"}],"wp:attachment":[{"href":"https:\/\/erasmus.cumhuriyet.edu.tr\/en\/wp-json\/wp\/v2\/media?parent=3"}],"curies":[{"name":"wp","href":"https:\/\/api.w.org\/{rel}","templated":true}]}}