{"id":241,"date":"2022-06-10T06:47:47","date_gmt":"2022-06-10T03:47:47","guid":{"rendered":"https:\/\/erasmus.cumhuriyet.edu.tr\/?page_id=241"},"modified":"2023-03-21T03:01:39","modified_gmt":"2023-03-21T00:01:39","slug":"outgoing","status":"publish","type":"page","link":"https:\/\/erasmus.cumhuriyet.edu.tr\/en\/erasmus\/outgoing\/","title":{"rendered":"Erasmus+ Outgoing Mobility"},"content":{"rendered":"<div class=\"scu-page scu-page-inner\">\n<div class=\"scu-legacy-row scu-legacy-vc-row\">\n<div class=\"scu-legacy-col scu-col-1-6\"><a class=\"scu-btn is-dark\" href=\"\/en\/erasmus\/\">Erasmus+<\/a><a class=\"scu-btn\" href=\"\/en\/erasmus\/outgoing\/student\/\">Student Mobility<\/a><a class=\"scu-btn is-turquoise\" href=\"\/en\/erasmus\/outgoing\/student\/#sms\">Studies Mobility<\/a><a class=\"scu-btn is-turquoise\" href=\"\/en\/erasmus\/outgoing\/student\/#smp\">Traineeship Mobility<\/a><a class=\"scu-btn is-warning\" href=\"\/en\/erasmus\/outgoing\/student\/docs\/\">Documents<\/a><a class=\"scu-btn\" href=\"\/en\/erasmus\/outgoing\/staff\/\">Staff Mobility<\/a><a class=\"scu-btn is-turquoise\" href=\"\/en\/erasmus\/outgoing\/staff\/#sta\">Teaching Mobility<\/a><a class=\"scu-btn is-turquoise\" href=\"\/en\/erasmus\/outgoing\/staff\/#stt\">Traineeship Mobility<\/a><a class=\"scu-btn is-warning\" href=\"\/en\/erasmus\/outgoing\/staff\/docs\/\">Documents<\/a><a class=\"scu-btn\" href=\"\/en\/category\/calendar\/\">Mobility Calendar<\/a><a class=\"scu-btn\" href=\"\/en\/erasmus\/departmental-coordinators\/\">Departmental Coordinators<\/a><a class=\"scu-btn\" href=\"\/en\/partners\/\">Partners<\/a><a class=\"scu-btn\" href=\"\/en\/erasmus\/isced-codes\/\">ISCED Codes<\/a><a class=\"scu-btn\" href=\"\/en\/esc\/\">ESC<\/a><a class=\"scu-btn\" href=\"\/en\/erasmus\/esn\/\">ESN<\/a><a class=\"scu-btn\" href=\"\/en\/erasmus\/erasmus-club\/\">Erasmus Club<\/a><a class=\"scu-btn\" href=\"\/en\/erasmus\/outgoing\/docs\/\">All Documents<\/a><a class=\"scu-btn\" href=\"\/en\/incoming\/\">Incoming Mobilities<\/a><\/div>\n<div class=\"scu-legacy-col scu-col-5-6\">\n<figure class=\"scu-media\"><img data-recalc-dims=\"1\" decoding=\"async\" src=\"https:\/\/i0.wp.com\/erasmus.cumhuriyet.edu.tr\/wp-content\/uploads\/Erasmus_Logo-1.png?w=1290&#038;ssl=1\" alt=\"\" loading=\"lazy\"><\/figure>\n<h2 class=\"scu-legacy-heading\">What is Erasmus+?<\/h2>\n<div class=\"scu-richtext\">Erasmus+ Program\u0131 Avrupa Birli\u011finin e\u011fitim, gen\u00e7lik ve spor alanlar\u0131ndaki hibe program\u0131d\u0131r. Yurt d\u0131\u015f\u0131nda e\u011fitim, \u00f6\u011fretim, staj, profesyonel geli\u015fim, yayg\u0131n \u00f6\u011frenme temelli gen\u00e7lik aktiviteleri ile kurumlar aras\u0131ndaki i\u015fbirliklerini desteklemektedir.<\/p>\n<p>Erasmus+ 2021-2027 y\u0131llar\u0131 aras\u0131nda uygulanan e\u011fitim, gen\u00e7lik ve spor alanlar\u0131n\u0131 kapsayan Avrupa Birli\u011finin hibe program\u0131d\u0131r. Erasmus+ Program\u0131 ile ki\u015filere, ya\u015f ve e\u011fitim ge\u00e7mi\u015flerine bak\u0131lmaks\u0131z\u0131n yeni beceriler kazand\u0131r\u0131lmas\u0131, onlar\u0131n ki\u015fisel geli\u015fimlerinin g\u00fc\u00e7lendirilmesi ve istihdam olanaklar\u0131n\u0131n art\u0131r\u0131lmas\u0131 ama\u00e7lanmaktad\u0131r. Erasmus+ Program\u0131n\u0131n 2021-2027 y\u0131llar\u0131 i\u00e7in t\u00fcm Avrupa&#8217;daki b\u00fct\u00e7esi 28,4 Milyar Avro&#8217;dur.<\/p>\n<p>Erasmus+ Program\u0131 kapsam\u0131nda desteklenen faaliyetler temel olarak 3 Ana Eylem (Key Action, KA) ve 1 \u00d6zel Eylem alt\u0131nda toplanmaktad\u0131r.<\/p>\n<ul>\n<li><strong>KA1: Bireylerin \u00d6\u011frenme Hareketlili\u011fi<\/strong>\n<ul>\n<li><strong>Y\u00fcksek\u00f6\u011fretim \u00d6\u011frenci ve Personeline Y\u00f6nelik Hareketlilik Projesi<\/strong>\n<ul>\n<li><strong>KA131: AB \u00dcye \u00dclkeleri ve Programla \u0130li\u015fkili \u00dc\u00e7\u00fcnc\u00fc \u00dclkeler (Avrupa i\u00e7i)<\/strong>\n<ul>\n<li><strong>Student Mobility<\/strong><\/li>\n<li><strong>Staff Mobility<\/strong><\/li>\n<\/ul>\n<\/li>\n<li><strong>KA171:Programla \u0130li\u015fkili Olmayan \u00dc\u00e7\u00fcnc\u00fc \u00dclkeler (Avrupa d\u0131\u015f\u0131)<\/strong>\n<ul>\n<li><strong>Student Mobility<\/strong><\/li>\n<li><strong>Staff Mobility<\/strong><\/li>\n<\/ul>\n<\/li>\n<\/ul>\n<\/li>\n<\/ul>\n<\/li>\n<li>KA2: Kurum ve Kurulu\u015flar aras\u0131nda \u0130\u015fbirli\u011fi<\/li>\n<li>KA3: Politika geli\u015fimi ve \u0130\u015fbirli\u011fine Destek<\/li>\n<li>Jean Monnet<\/li>\n<\/ul>\n<\/div>\n<div class=\"scu-legacy-row scu-legacy-vc-row-inner\">\n<div class=\"scu-legacy-col scu-col-1-2\">\n<div class=\"scu-video\"><iframe src=\"https:\/\/www.youtube.com\/embed\/EL4mPrWbKxM\" title=\"Video\" loading=\"lazy\" allowfullscreen><\/iframe><\/div>\n<\/div>\n<div class=\"scu-legacy-col scu-col-1-2\">\n<div class=\"scu-video\"><iframe src=\"https:\/\/www.youtube.com\/embed\/gmdwrNu96Do\" title=\"Video\" loading=\"lazy\" allowfullscreen><\/iframe><\/div>\n<\/div>\n<\/div>\n<\/div>\n<\/div>\n<\/div>","protected":false},"excerpt":{"rendered":"<p>Erasmus+\u00d6\u011frenci Hareketlili\u011fi\u00d6\u011frenim Hareketlili\u011fiStaj Hareketlili\u011fiBelgelerPersonel Hareketlili\u011fiDers Verme Hareketlili\u011fiE\u011fitim Alma Hareketlili\u011fiBelgelerHareketlilik TakvimiBirim Koordinat\u00f6rleriAnla\u015fmalarISCED Kodlar\u0131ESCESNErasmus ClubT\u00fcm BelgelerGelen Y\u00f6nl\u00fc Hareketlilikler Erasmus+ Nedir? Erasmus+ Program\u0131 Avrupa Birli\u011finin e\u011fitim, gen\u00e7lik ve spor alanlar\u0131ndaki hibe program\u0131d\u0131r. Yurt d\u0131\u015f\u0131nda e\u011fitim, \u00f6\u011fretim, staj, profesyonel geli\u015fim, yayg\u0131n \u00f6\u011frenme temelli gen\u00e7lik aktiviteleri ile kurumlar aras\u0131ndaki i\u015fbirliklerini desteklemektedir. Erasmus+ 2021-2027 y\u0131llar\u0131 aras\u0131nda uygulanan e\u011fitim, gen\u00e7lik ve spor [&hellip;]<\/p>\n","protected":false},"author":1,"featured_media":0,"parent":423,"menu_order":0,"comment_status":"closed","ping_status":"closed","template":"","meta":{"advanced_seo_description":"","jetpack_seo_html_title":"","jetpack_seo_noindex":false,"jetpack_seo_schema_type":"","footnotes":""},"class_list":["post-241","page","type-page","status-publish","hentry"],"blocksy_meta":{"styles_descriptor":{"styles":{"desktop":"","tablet":"","mobile":""},"google_fonts":[],"version":7}},"jetpack_sharing_enabled":true,"jetpack_shortlink":"https:\/\/wp.me\/PfKvKT-3T","_links":{"self":[{"href":"https:\/\/erasmus.cumhuriyet.edu.tr\/en\/wp-json\/wp\/v2\/pages\/241","targetHints":{"allow":["GET"]}}],"collection":[{"href":"https:\/\/erasmus.cumhuriyet.edu.tr\/en\/wp-json\/wp\/v2\/pages"}],"about":[{"href":"https:\/\/erasmus.cumhuriyet.edu.tr\/en\/wp-json\/wp\/v2\/types\/page"}],"author":[{"embeddable":true,"href":"https:\/\/erasmus.cumhuriyet.edu.tr\/en\/wp-json\/wp\/v2\/users\/1"}],"replies":[{"embeddable":true,"href":"https:\/\/erasmus.cumhuriyet.edu.tr\/en\/wp-json\/wp\/v2\/comments?post=241"}],"version-history":[{"count":29,"href":"https:\/\/erasmus.cumhuriyet.edu.tr\/en\/wp-json\/wp\/v2\/pages\/241\/revisions"}],"predecessor-version":[{"id":2318,"href":"https:\/\/erasmus.cumhuriyet.edu.tr\/en\/wp-json\/wp\/v2\/pages\/241\/revisions\/2318"}],"up":[{"embeddable":true,"href":"https:\/\/erasmus.cumhuriyet.edu.tr\/en\/wp-json\/wp\/v2\/pages\/423"}],"wp:attachment":[{"href":"https:\/\/erasmus.cumhuriyet.edu.tr\/en\/wp-json\/wp\/v2\/media?parent=241"}],"curies":[{"name":"wp","href":"https:\/\/api.w.org\/{rel}","templated":true}]}}